{"id":117,"date":"2020-07-31T11:31:03","date_gmt":"2020-07-31T11:31:03","guid":{"rendered":"http:\/\/www.grupomemorial.com.pa\/web\/?page_id=117"},"modified":"2021-10-01T01:59:06","modified_gmt":"2021-10-01T06:59:06","slug":"productos-y-servicios","status":"publish","type":"page","link":"https:\/\/www.grupomemorial.com.pa\/web\/productos-y-servicios\/","title":{"rendered":"Productos y servicios"},"content":{"rendered":"<p><section class=\"kc-elm kc-css-928731 kc_row\"><div class=\"kc-row-container  kc-container\"><div class=\"kc-wrap-columns\"><div class=\"kc-elm kc-css-550823 kc_col-sm-12 kc_column kc_col-sm-12\"><div class=\"kc-col-container\"><div class=\"kc-elm kc-css-684132\" style=\"height: 40px; clear: both; width:100%;\"><\/div><div class=\"kc-elm kc-css-533841 kc_row kc_row_inner\"><div class=\"kc-elm kc-css-424226 kc_col-sm-12 kc_column_inner kc_col-sm-12 block-heading-1\"><div class=\"kc_wrapper kc-col-inner-container\">\n<div class=\"kc-elm kc-css-503919 kc-title-wrap \">\n\n\t<h2 class=\"kc_title block-heading-1\">SERVICIOS<\/h2>\n<\/div>\n<div class=\"kc-elm kc-css-52853 kc_text_block\"><\/p>\n<p>Es nuestro compromiso continuar siendo un soporte para la comunidad. sabiendo que como organizaci\u00f3n cuidamos y honramos la historia memoria y tradici\u00f3n de sus seres queridos.<\/p>\n<p>\n<\/div><\/div><\/div><\/div><div class=\"kc-elm kc-css-853135\" style=\"height: 40px; clear: both; width:100%;\"><\/div><\/div><\/div><\/div><\/div><\/section><section class=\"kc-elm kc-css-376558 kc_row\"><div class=\"kc-row-container  kc-container\"><div class=\"kc-wrap-columns\"><div class=\"kc-elm kc-css-853469 kc_col-sm-12 kc-animated kc-animate-eff-fadeInUp kc-animate-delay-800 kc_column kc_col-sm-12\"><div class=\"kc-col-container\"><div class=\"kc-elm kc-css-758309 kc_row kc_row_inner\"><div class=\"kc-elm kc-css-194305 kc_col-sm-4 kc_column_inner kc_col-sm-4\"><div class=\"kc_wrapper kc-col-inner-container\"><div class=\"kc-elm kc-css-493860 kc_shortcode kc_single_image\">\n\n        <a  href=\"http:\/\/www.grupomemorial.com.pa\/web\/productos-y-servicios\/cementerios\/\" title=\"Cementerios\" target=\"_self\">\n        <img decoding=\"async\" src=\"https:\/\/i0.wp.com\/www.grupomemorial.com.pa\/web\/wp-content\/uploads\/2020\/07\/data-integration-1.png?fit=130%2C130&ssl=1\" class=\"rounded-circle\" alt=\"\" \/>    <\/a>\n    <\/div>\n\n<div class=\"kc-elm kc-css-868287 kc-title-wrap \">\n\n\t<h2 class=\"kc_title\"><a href=\"http:\/\/www.grupomemorial.com.pa\/web\/cementerios\/\" class=\"kc_title_link\" title=\"CEMENTERIOS\" target=\"\">Cementerios<\/a><\/h2>\n<\/div>\n<div class=\"kc-elm kc-css-126050 kc_text_block\"><\/p>\n<p>En Grupo Memorial nos preocupamos de dar el apoyo, esmero y cercania que necesita&#8230;<\/p>\n<p>\n<\/div>\n<div class=\"kc-elm kc-css-538335\">\n\t<a class=\"kc_button btn-md text-white\" href=\"http:\/\/www.grupomemorial.com.pa\/web\/cementerios\/\" target=\"_self\" title=\"CEMENTERIOS\" onclick=\"\">\n\t\tLee mas\t<\/a>\n<\/div>\n<\/div><\/div><div class=\"kc-elm kc-css-789524 kc_col-sm-4 kc_column_inner kc_col-sm-4\"><div class=\"kc_wrapper kc-col-inner-container\"><div class=\"kc-elm kc-css-381473 kc_shortcode kc_single_image\">\n\n        <a  href=\"http:\/\/www.grupomemorial.com.pa\/web\/productos-y-servicios\/servicios-funerarios-y-cremacion-2\/\" title=\"Servicios Funerarios y Cremaci\u00f3n\" target=\"_self\">\n        <img decoding=\"async\" src=\"https:\/\/i0.wp.com\/www.grupomemorial.com.pa\/web\/wp-content\/uploads\/2020\/07\/hearse.png?fit=130%2C130&ssl=1\" class=\"rounded-circle\" alt=\"\" \/>    <\/a>\n    <\/div>\n\n<div class=\"kc-elm kc-css-999594 kc-title-wrap \">\n\n\t<h2 class=\"kc_title\"><a href=\"http:\/\/www.grupomemorial.com.pa\/web\/servicios-funerarios-y-cremacion-2\/\" class=\"kc_title_link\" title=\"SERVICIOS FUNERARIOS Y CREMACI\u00d3N\" target=\"\">SERVICIOS FUNERARIOS Y CREMACI\u00d3N<\/a><\/h2>\n<\/div>\n<div class=\"kc-elm kc-css-770870 kc_text_block\"><\/p>\n<p>Contamos con una gama de servicios integrales para adaptarnos a su necesidad&#8230;<\/p>\n<p>\n<\/div>\n<div class=\"kc-elm kc-css-465842\">\n\t<a class=\"kc_button btn-md text-white\" href=\"http:\/\/www.grupomemorial.com.pa\/web\/servicios-funerarios-y-cremacion-2\/\" target=\"_self\" title=\"SERVICIOS FUNERARIOS Y CREMACI\u00d3N\" onclick=\"\">\n\t\tLee mas\t<\/a>\n<\/div>\n<\/div><\/div><div class=\"kc-elm kc-css-410327 kc_col-sm-4 kc_column_inner kc_col-sm-4\"><div class=\"kc_wrapper kc-col-inner-container\"><div class=\"kc-elm kc-css-177079 kc_shortcode kc_single_image\">\n\n        <a  href=\"http:\/\/www.grupomemorial.com.pa\/web\/productos-y-servicios\/servicios-especiales\/\" title=\"Servicios Especiales\" target=\"_self\">\n        <img decoding=\"async\" src=\"https:\/\/i0.wp.com\/www.grupomemorial.com.pa\/web\/wp-content\/uploads\/2020\/07\/medal.png?fit=130%2C130&ssl=1\" class=\"rounded-circle\" alt=\"\" \/>    <\/a>\n    <\/div>\n\n<div class=\"kc-elm kc-css-323900 kc-title-wrap \">\n\n\t<h2 class=\"kc_title\"><a href=\"http:\/\/www.grupomemorial.com.pa\/web\/productos-y-servicios\/servicios-especiales\/\" class=\"kc_title_link\" title=\"CEMENTERIOS\" target=\"\">SERVICIOS ESPECIALES<\/a><\/h2>\n<\/div>\n<div class=\"kc-elm kc-css-786283 kc_text_block\"><\/p>\n<p>La perdida de un ser querido en la mayoria de los casos nos puede tomar por sorpresa&#8230;<\/p>\n<p>\n<\/div>\n<div class=\"kc-elm kc-css-814741\">\n\t<a class=\"kc_button btn-md text-white\" href=\"http:\/\/www.grupomemorial.com.pa\/web\/productos-y-servicios\/servicios-especiales\/\" target=\"_self\" title=\"CEMENTERIOS\" onclick=\"\">\n\t\tLee mas\t<\/a>\n<\/div>\n<\/div><\/div><\/div><div class=\"kc-elm kc-css-815263\" style=\"height: 50px; clear: both; width:100%;\"><\/div><\/div><\/div><\/div><\/div><\/section><\/p>\n","protected":false},"excerpt":{"rendered":"","protected":false},"author":1,"featured_media":0,"parent":0,"menu_order":0,"comment_status":"closed","ping_status":"closed","template":"","meta":{"footnotes":""},"class_list":["post-117","page","type-page","status-publish","hentry"],"yoast_head":"<!-- This site is optimized with the Yoast SEO Premium plugin v27.5 (Yoast SEO v27.5) - https:\/\/yoast.com\/product\/yoast-seo-premium-wordpress\/ -->\n<title>Productos y servicios - Grupo Memorial<\/title>\n<meta name=\"robots\" content=\"index, follow, max-snippet:-1, max-image-preview:large, max-video-preview:-1\" \/>\n<link rel=\"canonical\" href=\"https:\/\/www.grupomemorial.com.pa\/web\/productos-y-servicios\/\" \/>\n<meta property=\"og:locale\" content=\"es_ES\" \/>\n<meta property=\"og:type\" content=\"article\" \/>\n<meta property=\"og:title\" content=\"Productos y servicios\" \/>\n<meta property=\"og:description\" content=\"SERVICIOS Es nuestro compromiso continuar siendo un soporte para la comunidad. sabiendo que como organizaci\u00f3n cuidamos y honramos la historia memoria y tradici\u00f3n de sus seres queridos. Cementerios En Grupo Memorial nos preocupamos de dar el apoyo, esmero y cercania que necesita&#8230; Lee mas SERVICIOS FUNERARIOS Y CREMACI\u00d3N Contamos con una gama de servicios integrales &hellip; Continuar leyendo &quot;Productos y servicios&quot;\" \/>\n<meta property=\"og:url\" content=\"https:\/\/www.grupomemorial.com.pa\/web\/productos-y-servicios\/\" \/>\n<meta property=\"og:site_name\" content=\"Grupo Memorial\" \/>\n<meta property=\"article:publisher\" content=\"https:\/\/www.facebook.com\/grupomemorialpanama\/\" \/>\n<meta property=\"article:modified_time\" content=\"2021-10-01T06:59:06+00:00\" \/>\n<meta property=\"og:image\" content=\"https:\/\/www.grupomemorial.com.pa\/web\/wp-content\/uploads\/2020\/07\/data-integration-1.png\" \/>\n<meta name=\"twitter:card\" content=\"summary_large_image\" \/>\n<meta name=\"twitter:site\" content=\"@grupo_mem_pty\" \/>\n<script type=\"application\/ld+json\" class=\"yoast-schema-graph\">{\"@context\":\"https:\\\/\\\/schema.org\",\"@graph\":[{\"@type\":\"WebPage\",\"@id\":\"https:\\\/\\\/www.grupomemorial.com.pa\\\/web\\\/productos-y-servicios\\\/\",\"url\":\"https:\\\/\\\/www.grupomemorial.com.pa\\\/web\\\/productos-y-servicios\\\/\",\"name\":\"Productos y servicios - Grupo Memorial\",\"isPartOf\":{\"@id\":\"https:\\\/\\\/www.grupomemorial.com.pa\\\/web\\\/#website\"},\"primaryImageOfPage\":{\"@id\":\"https:\\\/\\\/www.grupomemorial.com.pa\\\/web\\\/productos-y-servicios\\\/#primaryimage\"},\"image\":{\"@id\":\"https:\\\/\\\/www.grupomemorial.com.pa\\\/web\\\/productos-y-servicios\\\/#primaryimage\"},\"thumbnailUrl\":\"https:\\\/\\\/www.grupomemorial.com.pa\\\/web\\\/wp-content\\\/uploads\\\/2020\\\/07\\\/data-integration-1.png\",\"datePublished\":\"2020-07-31T11:31:03+00:00\",\"dateModified\":\"2021-10-01T06:59:06+00:00\",\"breadcrumb\":{\"@id\":\"https:\\\/\\\/www.grupomemorial.com.pa\\\/web\\\/productos-y-servicios\\\/#breadcrumb\"},\"inLanguage\":\"es\",\"potentialAction\":[{\"@type\":\"ReadAction\",\"target\":[\"https:\\\/\\\/www.grupomemorial.com.pa\\\/web\\\/productos-y-servicios\\\/\"]}]},{\"@type\":\"ImageObject\",\"inLanguage\":\"es\",\"@id\":\"https:\\\/\\\/www.grupomemorial.com.pa\\\/web\\\/productos-y-servicios\\\/#primaryimage\",\"url\":\"https:\\\/\\\/i0.wp.com\\\/www.grupomemorial.com.pa\\\/web\\\/wp-content\\\/uploads\\\/2020\\\/07\\\/data-integration-1.png?fit=130%2C130&ssl=1\",\"contentUrl\":\"https:\\\/\\\/i0.wp.com\\\/www.grupomemorial.com.pa\\\/web\\\/wp-content\\\/uploads\\\/2020\\\/07\\\/data-integration-1.png?fit=130%2C130&ssl=1\",\"width\":130,\"height\":130,\"caption\":\"data-integration\"},{\"@type\":\"BreadcrumbList\",\"@id\":\"https:\\\/\\\/www.grupomemorial.com.pa\\\/web\\\/productos-y-servicios\\\/#breadcrumb\",\"itemListElement\":[{\"@type\":\"ListItem\",\"position\":1,\"name\":\"Inicio\",\"item\":\"https:\\\/\\\/www.grupomemorial.com.pa\\\/web\\\/\"},{\"@type\":\"ListItem\",\"position\":2,\"name\":\"Productos y servicios\"}]},{\"@type\":\"WebSite\",\"@id\":\"https:\\\/\\\/www.grupomemorial.com.pa\\\/web\\\/#website\",\"url\":\"https:\\\/\\\/www.grupomemorial.com.pa\\\/web\\\/\",\"name\":\"Grupo Memorial\",\"description\":\"Funerarias, Cementerios y Cremaci\u00f3n en Panam\u00e1\",\"publisher\":{\"@id\":\"https:\\\/\\\/www.grupomemorial.com.pa\\\/web\\\/#organization\"},\"potentialAction\":[{\"@type\":\"SearchAction\",\"target\":{\"@type\":\"EntryPoint\",\"urlTemplate\":\"https:\\\/\\\/www.grupomemorial.com.pa\\\/web\\\/?s={search_term_string}\"},\"query-input\":{\"@type\":\"PropertyValueSpecification\",\"valueRequired\":true,\"valueName\":\"search_term_string\"}}],\"inLanguage\":\"es\"},{\"@type\":[\"Organization\",\"Place\"],\"@id\":\"https:\\\/\\\/www.grupomemorial.com.pa\\\/web\\\/#organization\",\"name\":\"Grupo Memorial | Corporativo\",\"url\":\"https:\\\/\\\/www.grupomemorial.com.pa\\\/web\\\/\",\"logo\":{\"@id\":\"https:\\\/\\\/www.grupomemorial.com.pa\\\/web\\\/productos-y-servicios\\\/#local-main-organization-logo\"},\"image\":{\"@id\":\"https:\\\/\\\/www.grupomemorial.com.pa\\\/web\\\/productos-y-servicios\\\/#local-main-organization-logo\"},\"sameAs\":[\"https:\\\/\\\/www.facebook.com\\\/grupomemorialpanama\\\/\",\"https:\\\/\\\/x.com\\\/grupo_mem_pty\",\"https:\\\/\\\/instagram.com\\\/grupo_memorial_panama\",\"https:\\\/\\\/www.linkedin.com\\\/company\\\/grupo-memorial-corporativo\"],\"telephone\":[],\"openingHoursSpecification\":[{\"@type\":\"OpeningHoursSpecification\",\"dayOfWeek\":[\"Monday\",\"Tuesday\",\"Wednesday\",\"Thursday\",\"Friday\",\"Saturday\",\"Sunday\"],\"opens\":\"09:00\",\"closes\":\"17:00\"}]},{\"@type\":\"ImageObject\",\"inLanguage\":\"es\",\"@id\":\"https:\\\/\\\/www.grupomemorial.com.pa\\\/web\\\/productos-y-servicios\\\/#local-main-organization-logo\",\"url\":\"https:\\\/\\\/i0.wp.com\\\/www.grupomemorial.com.pa\\\/web\\\/wp-content\\\/uploads\\\/2020\\\/09\\\/GMSA-Original.png?fit=1700%2C1701&ssl=1\",\"contentUrl\":\"https:\\\/\\\/i0.wp.com\\\/www.grupomemorial.com.pa\\\/web\\\/wp-content\\\/uploads\\\/2020\\\/09\\\/GMSA-Original.png?fit=1700%2C1701&ssl=1\",\"width\":1700,\"height\":1701,\"caption\":\"Grupo Memorial | Corporativo\"}]}<\/script>\n<!-- \/ Yoast SEO Premium plugin. -->","yoast_head_json":{"title":"Productos y servicios - Grupo Memorial","robots":{"index":"index","follow":"follow","max-snippet":"max-snippet:-1","max-image-preview":"max-image-preview:large","max-video-preview":"max-video-preview:-1"},"canonical":"https:\/\/www.grupomemorial.com.pa\/web\/productos-y-servicios\/","og_locale":"es_ES","og_type":"article","og_title":"Productos y servicios","og_description":"SERVICIOS Es nuestro compromiso continuar siendo un soporte para la comunidad. sabiendo que como organizaci\u00f3n cuidamos y honramos la historia memoria y tradici\u00f3n de sus seres queridos. Cementerios En Grupo Memorial nos preocupamos de dar el apoyo, esmero y cercania que necesita&#8230; Lee mas SERVICIOS FUNERARIOS Y CREMACI\u00d3N Contamos con una gama de servicios integrales &hellip; Continuar leyendo \"Productos y servicios\"","og_url":"https:\/\/www.grupomemorial.com.pa\/web\/productos-y-servicios\/","og_site_name":"Grupo Memorial","article_publisher":"https:\/\/www.facebook.com\/grupomemorialpanama\/","article_modified_time":"2021-10-01T06:59:06+00:00","og_image":[{"url":"https:\/\/www.grupomemorial.com.pa\/web\/wp-content\/uploads\/2020\/07\/data-integration-1.png","type":"","width":"","height":""}],"twitter_card":"summary_large_image","twitter_site":"@grupo_mem_pty","schema":{"@context":"https:\/\/schema.org","@graph":[{"@type":"WebPage","@id":"https:\/\/www.grupomemorial.com.pa\/web\/productos-y-servicios\/","url":"https:\/\/www.grupomemorial.com.pa\/web\/productos-y-servicios\/","name":"Productos y servicios - Grupo Memorial","isPartOf":{"@id":"https:\/\/www.grupomemorial.com.pa\/web\/#website"},"primaryImageOfPage":{"@id":"https:\/\/www.grupomemorial.com.pa\/web\/productos-y-servicios\/#primaryimage"},"image":{"@id":"https:\/\/www.grupomemorial.com.pa\/web\/productos-y-servicios\/#primaryimage"},"thumbnailUrl":"https:\/\/www.grupomemorial.com.pa\/web\/wp-content\/uploads\/2020\/07\/data-integration-1.png","datePublished":"2020-07-31T11:31:03+00:00","dateModified":"2021-10-01T06:59:06+00:00","breadcrumb":{"@id":"https:\/\/www.grupomemorial.com.pa\/web\/productos-y-servicios\/#breadcrumb"},"inLanguage":"es","potentialAction":[{"@type":"ReadAction","target":["https:\/\/www.grupomemorial.com.pa\/web\/productos-y-servicios\/"]}]},{"@type":"ImageObject","inLanguage":"es","@id":"https:\/\/www.grupomemorial.com.pa\/web\/productos-y-servicios\/#primaryimage","url":"https:\/\/i0.wp.com\/www.grupomemorial.com.pa\/web\/wp-content\/uploads\/2020\/07\/data-integration-1.png?fit=130%2C130&ssl=1","contentUrl":"https:\/\/i0.wp.com\/www.grupomemorial.com.pa\/web\/wp-content\/uploads\/2020\/07\/data-integration-1.png?fit=130%2C130&ssl=1","width":130,"height":130,"caption":"data-integration"},{"@type":"BreadcrumbList","@id":"https:\/\/www.grupomemorial.com.pa\/web\/productos-y-servicios\/#breadcrumb","itemListElement":[{"@type":"ListItem","position":1,"name":"Inicio","item":"https:\/\/www.grupomemorial.com.pa\/web\/"},{"@type":"ListItem","position":2,"name":"Productos y servicios"}]},{"@type":"WebSite","@id":"https:\/\/www.grupomemorial.com.pa\/web\/#website","url":"https:\/\/www.grupomemorial.com.pa\/web\/","name":"Grupo Memorial","description":"Funerarias, Cementerios y Cremaci\u00f3n en Panam\u00e1","publisher":{"@id":"https:\/\/www.grupomemorial.com.pa\/web\/#organization"},"potentialAction":[{"@type":"SearchAction","target":{"@type":"EntryPoint","urlTemplate":"https:\/\/www.grupomemorial.com.pa\/web\/?s={search_term_string}"},"query-input":{"@type":"PropertyValueSpecification","valueRequired":true,"valueName":"search_term_string"}}],"inLanguage":"es"},{"@type":["Organization","Place"],"@id":"https:\/\/www.grupomemorial.com.pa\/web\/#organization","name":"Grupo Memorial | Corporativo","url":"https:\/\/www.grupomemorial.com.pa\/web\/","logo":{"@id":"https:\/\/www.grupomemorial.com.pa\/web\/productos-y-servicios\/#local-main-organization-logo"},"image":{"@id":"https:\/\/www.grupomemorial.com.pa\/web\/productos-y-servicios\/#local-main-organization-logo"},"sameAs":["https:\/\/www.facebook.com\/grupomemorialpanama\/","https:\/\/x.com\/grupo_mem_pty","https:\/\/instagram.com\/grupo_memorial_panama","https:\/\/www.linkedin.com\/company\/grupo-memorial-corporativo"],"telephone":[],"openingHoursSpecification":[{"@type":"OpeningHoursSpecification","dayOfWeek":["Monday","Tuesday","Wednesday","Thursday","Friday","Saturday","Sunday"],"opens":"09:00","closes":"17:00"}]},{"@type":"ImageObject","inLanguage":"es","@id":"https:\/\/www.grupomemorial.com.pa\/web\/productos-y-servicios\/#local-main-organization-logo","url":"https:\/\/i0.wp.com\/www.grupomemorial.com.pa\/web\/wp-content\/uploads\/2020\/09\/GMSA-Original.png?fit=1700%2C1701&ssl=1","contentUrl":"https:\/\/i0.wp.com\/www.grupomemorial.com.pa\/web\/wp-content\/uploads\/2020\/09\/GMSA-Original.png?fit=1700%2C1701&ssl=1","width":1700,"height":1701,"caption":"Grupo Memorial | Corporativo"}]}},"jetpack-related-posts":[{"id":173,"url":"https:\/\/www.grupomemorial.com.pa\/web\/productos-y-servicios\/servicios-especiales\/","url_meta":{"origin":117,"position":0},"title":"Servicios Especiales","author":"admin","date":"31\/07\/2020","format":false,"excerpt":"Expatriaciones Disponemos del servicio de enviar a su pa\u00eds natal el cuerpo, de un ciudadano extranjero residente o de visita en Panam\u00e1; a cualquier parte del mundo, cumpliendo con las legislaciones exigidas de cada pa\u00eds. Repatriaciones Contamos con el servicio de regresar a su pa\u00eds natal el cuerpo, a un\u2026","rel":"","context":"Entrada similar","block_context":{"text":"Entrada similar","link":""},"img":{"alt_text":"","src":"","width":0,"height":0},"classes":[]},{"id":195,"url":"https:\/\/www.grupomemorial.com.pa\/web\/cementerio-parque-praderas-de-la-paz-pacora\/","url_meta":{"origin":117,"position":1},"title":"Cementerio Parque Praderas De La Paz | Pacora","author":"admin","date":"31\/07\/2020","format":false,"excerpt":"Pacora, Los Lotes, frente a Urb. Castilla Real No.1 293-3400,225-7123,6674-6754","rel":"","context":"Entrada similar","block_context":{"text":"Entrada similar","link":""},"img":{"alt_text":"","src":"https:\/\/i0.wp.com\/www.grupomemorial.com.pa\/web\/wp-content\/uploads\/2020\/09\/Fachada-Frente-1024x682.jpg?resize=350%2C200&ssl=1","width":350,"height":200,"srcset":"https:\/\/i0.wp.com\/www.grupomemorial.com.pa\/web\/wp-content\/uploads\/2020\/09\/Fachada-Frente-1024x682.jpg?resize=350%2C200&ssl=1 1x, https:\/\/i0.wp.com\/www.grupomemorial.com.pa\/web\/wp-content\/uploads\/2020\/09\/Fachada-Frente-1024x682.jpg?resize=525%2C300&ssl=1 1.5x, https:\/\/i0.wp.com\/www.grupomemorial.com.pa\/web\/wp-content\/uploads\/2020\/09\/Fachada-Frente-1024x682.jpg?resize=700%2C400&ssl=1 2x"},"classes":[]},{"id":214,"url":"https:\/\/www.grupomemorial.com.pa\/web\/grupo-memorial-cc-el-faro\/","url_meta":{"origin":117,"position":2},"title":"Grupo Memorial | CC El Faro","author":"admin","date":"31\/07\/2020","format":false,"excerpt":"Avenida Domingo D\u00edaz, Centro Comercial El Faro, Local No.16 293-3400,225-7123,6674-6754","rel":"","context":"Entrada similar","block_context":{"text":"Entrada similar","link":""},"img":{"alt_text":"","src":"https:\/\/i0.wp.com\/www.grupomemorial.com.pa\/web\/wp-content\/uploads\/2020\/09\/Fachada-2-1024x682.jpg?resize=350%2C200&ssl=1","width":350,"height":200,"srcset":"https:\/\/i0.wp.com\/www.grupomemorial.com.pa\/web\/wp-content\/uploads\/2020\/09\/Fachada-2-1024x682.jpg?resize=350%2C200&ssl=1 1x, https:\/\/i0.wp.com\/www.grupomemorial.com.pa\/web\/wp-content\/uploads\/2020\/09\/Fachada-2-1024x682.jpg?resize=525%2C300&ssl=1 1.5x, https:\/\/i0.wp.com\/www.grupomemorial.com.pa\/web\/wp-content\/uploads\/2020\/09\/Fachada-2-1024x682.jpg?resize=700%2C400&ssl=1 2x"},"classes":[]},{"id":205,"url":"https:\/\/www.grupomemorial.com.pa\/web\/funeraria-capillas-memoriales-ave-justo-arosemena\/","url_meta":{"origin":117,"position":3},"title":"Funeraria Capillas Memoriales | Ave. Justo Arosemena","author":"admin","date":"31\/07\/2020","format":false,"excerpt":"Ave. Justo Arosemena y Calle 30 al lado de Banco General 225-7123, 293-3400, 6674-6754","rel":"","context":"Entrada similar","block_context":{"text":"Entrada similar","link":""},"img":{"alt_text":"","src":"","width":0,"height":0},"classes":[]},{"id":141,"url":"https:\/\/www.grupomemorial.com.pa\/web\/mision-vision-y-valores\/","url_meta":{"origin":117,"position":4},"title":"Misi\u00f3n, Visi\u00f3n y Valores","author":"admin","date":"31\/07\/2020","format":false,"excerpt":"NUESTRA Misi\u00f3n Nuestro compromiso con el mercado paname\u00f1o es facilitar soluciones integrales con personal comprometido a brindar una soluci\u00f3n r\u00e1pida, confiable y segura, ante la eventualidad del fallecimiento de un ser humano. NUESTRA VISI\u00d3N Consolidar nuestros servicios de cementerios y funerarias a nivel nacional, ofreciendo servicios integrales que brinden una\u2026","rel":"","context":"Entrada similar","block_context":{"text":"Entrada similar","link":""},"img":{"alt_text":"","src":"","width":0,"height":0},"classes":[]},{"id":175,"url":"https:\/\/www.grupomemorial.com.pa\/web\/productos-y-servicios\/servicios-especiales\/expatriacion\/","url_meta":{"origin":117,"position":5},"title":"Expatriaci\u00f3n","author":"admin","date":"31\/07\/2020","format":false,"excerpt":"Expatriaciones The Title Disponemos del servicio de enviar a su pa\u00eds natal el cuerpo, de un ciudadano extranjero residente o de visita en Panam\u00e1; a cualquier parte del mundo, cumpliendo con las legislaciones exigidas de cada pa\u00eds.","rel":"","context":"Entrada similar","block_context":{"text":"Entrada similar","link":""},"img":{"alt_text":"","src":"","width":0,"height":0},"classes":[]}],"_links":{"self":[{"href":"https:\/\/www.grupomemorial.com.pa\/web\/wp-json\/wp\/v2\/pages\/117","targetHints":{"allow":["GET"]}}],"collection":[{"href":"https:\/\/www.grupomemorial.com.pa\/web\/wp-json\/wp\/v2\/pages"}],"about":[{"href":"https:\/\/www.grupomemorial.com.pa\/web\/wp-json\/wp\/v2\/types\/page"}],"author":[{"embeddable":true,"href":"https:\/\/www.grupomemorial.com.pa\/web\/wp-json\/wp\/v2\/users\/1"}],"replies":[{"embeddable":true,"href":"https:\/\/www.grupomemorial.com.pa\/web\/wp-json\/wp\/v2\/comments?post=117"}],"version-history":[{"count":15,"href":"https:\/\/www.grupomemorial.com.pa\/web\/wp-json\/wp\/v2\/pages\/117\/revisions"}],"predecessor-version":[{"id":823,"href":"https:\/\/www.grupomemorial.com.pa\/web\/wp-json\/wp\/v2\/pages\/117\/revisions\/823"}],"wp:attachment":[{"href":"https:\/\/www.grupomemorial.com.pa\/web\/wp-json\/wp\/v2\/media?parent=117"}],"curies":[{"name":"wp","href":"https:\/\/api.w.org\/{rel}","templated":true}]}}