{"id":125,"date":"2020-07-31T11:47:28","date_gmt":"2020-07-31T16:47:28","guid":{"rendered":"http:\/\/www.grupomemorial.com.pa\/web\/?page_id=125"},"modified":"2022-01-15T23:40:22","modified_gmt":"2022-01-16T04:40:22","slug":"contactenos","status":"publish","type":"page","link":"https:\/\/www.grupomemorial.com.pa\/web\/contactenos\/","title":{"rendered":"Cont\u00e1ctenos"},"content":{"rendered":"<p><section class=\"kc-elm kc-css-470914 kc_row\"><div class=\"kc-row-container  kc-container\"><div class=\"kc-wrap-columns\"><div class=\"kc-elm kc-css-169851 kc_col-sm-12 kc_column kc_col-sm-12\"><div class=\"kc-col-container\"><div class=\"kc-elm kc-css-108764 kc_row kc_row_inner\"><div class=\"kc-elm kc-css-681007 kc_col-sm-4 kc_column_inner kc_col-sm-4\"><div class=\"kc_wrapper kc-col-inner-container\"><div class=\"kc-elm kc_row kc_row_inner\"><div class=\"kc-elm kc_col-sm-1 kc_column_inner kc_col-sm-1\"><div class=\"\u00bbcontact-icon\u00bb kc_wrapper kc-col-inner-container\"><div class=\"kc-elm kc-css-446138 kc-icon-wrapper\">\n\t\t<i class=\"fa-map-marker icon\"><\/i>\n\t<\/div>\n<div class=\"kc-elm kc-css-571261 kc_text_block\"><\/p>\n<p><a href=\"https:\/\/maps.app.goo.gl\/QK3p6jxnt2C5k8eA9\"><span style=\"vertical-align: inherit;\"><span style=\"vertical-align: inherit;\"><span style=\"vertical-align: inherit;\"><span style=\"vertical-align: inherit;\">Ave. Domingo D\u00edaz, CC El Faro, Local 16<\/span><\/span><\/span><\/span><\/a><\/p>\n<p><a href=\"https:\/\/maps.app.goo.gl\/QK3p6jxnt2C5k8eA9\"><span style=\"vertical-align: inherit;\"><span style=\"vertical-align: inherit;\">Ave. Justo Arosemena and Cl.30<\/span><\/span><\/a><\/p>\n<p><a href=\"https:\/\/maps.app.goo.gl\/QK3p6jxnt2C5k8eA9\"><span style=\"vertical-align: inherit;\"><span style=\"vertical-align: inherit;\">San Pablo Viejo, David, Chiriqui<\/span><\/span><\/a><\/p>\n<p>\n<\/div><\/div><\/div><\/div><div class=\"kc-elm kc_row kc_row_inner\"><div class=\"kc-elm kc_col-sm-1 kc_column_inner kc_col-sm-1\"><div class=\"\u00bbcontact-icon\u00bb kc_wrapper kc-col-inner-container\"><div class=\"kc-elm kc-css-209450 kc-icon-wrapper\">\n\t\t<i class=\"fa-phone icon\"><\/i>\n\t<\/div>\n<div class=\"kc-elm kc-css-147419 kc_text_block\"><\/p>\n<p>\n<a href=\"tel:2933400\">293-3400<\/a>,<a href=\"tel:2257123\"> 225-7123<\/a>, <a href=\"tel:7757371\">775-7371<\/a><\/p>\n<p>\n<\/div><\/div><\/div><\/div><div class=\"kc-elm kc_row kc_row_inner\"><div class=\"kc-elm kc_col-sm-1 kc_column_inner kc_col-sm-1\"><div class=\"\u00bbcontact-icon\u00bb kc_wrapper kc-col-inner-container\"><div class=\"kc-elm kc-css-69864 kc-icon-wrapper\">\n\t\t<i class=\"fa-envelope icon\"><\/i>\n\t<\/div>\n<div class=\"kc-elm kc-css-32759 kc_text_block\"><\/p>\n<p>\n<a href=\"mailto:info@grupomemorial.com.pa\">info@grupomemorial.com.pa <\/a><\/p>\n<p>\n<\/div><\/div><\/div><\/div><\/div><\/div><div class=\"kc-elm kc-css-477391 kc_col-sm-8 kc_column_inner kc_col-sm-8\"><div class=\"kc_wrapper kc-col-inner-container\">\n<div class=\"kc-elm kc-css-620404 kc-title-wrap \">\n\n\t<h3 class=\"kc_title\">ESCRIBENOS<\/h3>\n<\/div>\n<div class=\"kc-elm kc-css-619577 kc_text_block\"><\/p>\n<div class=\"wpcf7 no-js\" id=\"wpcf7-f105-o1\" lang=\"en-US\" dir=\"ltr\" data-wpcf7-id=\"105\">\n<div class=\"screen-reader-response\">\n<p role=\"status\" aria-live=\"polite\" aria-atomic=\"true\">\n<ul><\/ul>\n<\/div>\n<form action=\"\/web\/wp-json\/wp\/v2\/pages\/125#wpcf7-f105-o1\" method=\"post\" class=\"wpcf7-form init\" aria-label=\"Contact form\" novalidate=\"novalidate\" data-status=\"init\">\n<fieldset class=\"hidden-fields-container\"><input type=\"hidden\" name=\"_wpcf7\" value=\"105\" \/><input type=\"hidden\" name=\"_wpcf7_version\" value=\"6.1.5\" \/><input type=\"hidden\" name=\"_wpcf7_locale\" value=\"en_US\" \/><input type=\"hidden\" name=\"_wpcf7_unit_tag\" value=\"wpcf7-f105-o1\" \/><input type=\"hidden\" name=\"_wpcf7_container_post\" value=\"0\" \/><input type=\"hidden\" name=\"_wpcf7_posted_data_hash\" value=\"\" \/><input type=\"hidden\" name=\"_wpcf7_recaptcha_response\" value=\"\" \/><br \/>\n<\/fieldset>\n<div class=\"form-group\">\n<p><span class=\"wpcf7-form-control-wrap\" data-name=\"your-name\"><input size=\"40\" maxlength=\"400\" class=\"wpcf7-form-control wpcf7-text wpcf7-validates-as-required form-control\" aria-required=\"true\" aria-invalid=\"false\" placeholder=\"Nombre Completo\" value=\"\" type=\"text\" name=\"your-name\" \/><\/span>\n\t<\/p>\n<\/div>\n<div class=\"form-group\">\n<p><span class=\"wpcf7-form-control-wrap\" data-name=\"your-email\"><input size=\"40\" maxlength=\"400\" class=\"wpcf7-form-control wpcf7-email wpcf7-validates-as-required wpcf7-text wpcf7-validates-as-email form-control\" aria-required=\"true\" aria-invalid=\"false\" placeholder=\"Correo\" value=\"\" type=\"email\" name=\"your-email\" \/><\/span>\n\t<\/p>\n<\/div>\n<div class=\"form-group\">\n<p><span class=\"wpcf7-form-control-wrap\" data-name=\"your-number\"><input size=\"40\" maxlength=\"400\" class=\"wpcf7-form-control wpcf7-text wpcf7-validates-as-required form-control\" aria-required=\"true\" aria-invalid=\"false\" placeholder=\"Tel.\" value=\"\" type=\"text\" name=\"your-number\" \/><\/span>\n\t<\/p>\n<\/div>\n<div class=\"form-group\">\n<p><span class=\"wpcf7-form-control-wrap\" data-name=\"your-city\"><input size=\"40\" maxlength=\"400\" class=\"wpcf7-form-control wpcf7-text wpcf7-validates-as-required form-control\" aria-required=\"true\" aria-invalid=\"false\" placeholder=\"Ciudad\" value=\"\" type=\"text\" name=\"your-city\" \/><\/span>\n\t<\/p>\n<\/div>\n<div class=\"form-group\">\n<p><span class=\"wpcf7-form-control-wrap\" data-name=\"your-message\"><textarea cols=\"30\" rows=\"7\" maxlength=\"2000\" class=\"wpcf7-form-control wpcf7-textarea form-control\" aria-invalid=\"false\" placeholder=\"Consulta\" name=\"your-message\"><\/textarea><\/span>\n\t<\/p>\n<\/div>\n<div>\n<span class=\"wpcf7-form-control-wrap recaptcha\" data-name=\"recaptcha\"><span data-sitekey=\"6Lfj6MoZAAAAAKGfRFwEnq6un8ppBx9R_19MCmCl\" class=\"wpcf7-form-control wpcf7-recaptcha g-recaptcha\"><\/span><br \/>\n<noscript><\/p>\n<div class=\"grecaptcha-noscript\">\n\t\t<iframe src=\"https:\/\/www.recaptcha.net\/recaptcha\/api\/fallback?k=6Lfj6MoZAAAAAKGfRFwEnq6un8ppBx9R_19MCmCl\" frameborder=\"0\" scrolling=\"no\" width=\"310\" height=\"430\"><br \/>\n\t\t<\/iframe><br \/>\n\t\t<textarea name=\"g-recaptcha-response\" rows=\"3\" cols=\"40\" placeholder=\"reCaptcha Response Here\"><br \/>\n\t\t<\/textarea>\n\t<\/div>\n<p><\/noscript><br \/>\n<\/span>\n<\/div>\n<div class=\"form-group\">\n<p><button type=\"submit\"  class=\"btn btn-primary btn-md text-white py-3 px-5\">Enviar<\/button>\n\t<\/p>\n<\/div>\n<p style=\"display: none !important;\" class=\"akismet-fields-container\" data-prefix=\"_wpcf7_ak_\"><label>&#916;<textarea name=\"_wpcf7_ak_hp_textarea\" cols=\"45\" rows=\"8\" maxlength=\"100\"><\/textarea><\/label><input type=\"hidden\" id=\"ak_js_1\" name=\"_wpcf7_ak_js\" value=\"195\"\/><script>\ndocument.getElementById( \"ak_js_1\" ).setAttribute( \"value\", ( new Date() ).getTime() );\n<\/script>\n<\/p>\n<div class=\"wpcf7-response-output\" aria-hidden=\"true\"><\/div>\n<\/form>\n<\/div>\n<p>\n<\/div><\/div><\/div><\/div><div class=\"kc-elm kc-css-896921 kc_row kc_row_inner\"><div class=\"kc-elm kc-css-680452 kc_col-sm-12 kc_column_inner kc_col-sm-12 history-content\"><div class=\"kc_wrapper kc-col-inner-container\">\n<div class=\"kc-elm kc-css-14125 kc-title-wrap \">\n\n\t<div class=\"kc_title\"><h3 class=\"dolar\">Formas de <span>pago<\/span><\/h3><\/div>\n<\/div>\n<div class=\"kc-elm kc-css-456174 kc_text_block\"><\/p>\n<p><span style=\"caret-color: #555555; color: #555555; font-size: 13px; background-color: #f9f9f9;\">[logoshowcase cat_id=\u00bb22\" center_mode= \u00abtrue\u00bb slides_column=4 hide_border=\u00bbtrue\u00bb]<\/span><\/p>\n<p>\n<\/div>\n<div class=\"kc-elm kc-css-195071 kc-title-wrap \">\n\n\t<div class=\"kc_title\"><h3 class=\"dolar\">Miembros <span>de<\/span><\/h3><\/div>\n<\/div>\n<div class=\"kc-elm kc-css-535423 kc_text_block\"><\/p>\n<p><span style=\"caret-color: #555555; color: #555555; font-size: 13px; background-color: #f9f9f9;\">[logoshowcase cat_id=\u00bb21\" center_mode= \u00abtrue\u00bb slides_column=4 hide_border=\u00bbtrue\u00bb]<\/span><\/p>\n<p>\n<\/div><\/div><\/div><\/div><\/div><\/div><\/div><\/div><\/section><section data-kc-fullwidth=\"content\" class=\"kc-elm kc-css-93326 kc_row\"><div class=\"kc-row-container\"><div class=\"kc-wrap-columns\"><div class=\"kc-elm kc-css-646134 kc_col-sm-12 kc_column kc_col-sm-12\"><div class=\"kc-col-container\"><div class=\"kc-elm kc-css-262514 kc_google_maps kc_shortcode\"><div style=\"height: 350px\" class=\"kc-google-maps\"><iframe src=\"https:\/\/www.google.com\/maps\/embed?pb=!1m14!1m8!1m3!1d7880.316935371936!2d-79.455367!3d9.049306!3m2!1i1024!2i768!4f13.1!3m3!1m2!1s0x0%3A0xd03e9bac2ad5b87a!2sCementerio%20Parque%20Praderas%20De%20La%20Paz%20%7C%20CC%20El%20Faro!5e0!3m2!1ses-419!2spa!4v1601340846266!5m2!1ses-419!2spa\" width=\"100%\" height=\"350\" frameborder=\"0\" style=\"border:0;\" allowfullscreen=\"\" aria-hidden=\"false\" tabindex=\"0\"><\/iframe><\/div><\/div><\/div><\/div><\/div><\/div><\/section><\/p>\n","protected":false},"excerpt":{"rendered":"","protected":false},"author":1,"featured_media":0,"parent":0,"menu_order":0,"comment_status":"closed","ping_status":"closed","template":"","meta":{"footnotes":""},"class_list":["post-125","page","type-page","status-publish","hentry"],"yoast_head":"<!-- This site is optimized with the Yoast SEO Premium plugin v27.5 (Yoast SEO v27.5) - https:\/\/yoast.com\/product\/yoast-seo-premium-wordpress\/ -->\n<title>Cont\u00e1ctenos - Grupo Memorial<\/title>\n<meta name=\"robots\" content=\"index, follow, max-snippet:-1, max-image-preview:large, max-video-preview:-1\" \/>\n<link rel=\"canonical\" href=\"https:\/\/www.grupomemorial.com.pa\/web\/contactenos\/\" \/>\n<meta property=\"og:locale\" content=\"es_ES\" \/>\n<meta property=\"og:type\" content=\"article\" \/>\n<meta property=\"og:title\" content=\"Cont\u00e1ctenos\" \/>\n<meta property=\"og:description\" content=\"Ave. Domingo D\u00edaz, CC El Faro, Local 16 Ave. Justo Arosemena and Cl.30 San Pablo Viejo, David, Chiriqui 293-3400, 225-7123, 775-7371 info@grupomemorial.com.pa ESCRIBENOS Enviar &#916; Formas de pago Miembros de\" \/>\n<meta property=\"og:url\" content=\"https:\/\/www.grupomemorial.com.pa\/web\/contactenos\/\" \/>\n<meta property=\"og:site_name\" content=\"Grupo Memorial\" \/>\n<meta property=\"article:publisher\" content=\"https:\/\/www.facebook.com\/grupomemorialpanama\/\" \/>\n<meta property=\"article:modified_time\" content=\"2022-01-16T04:40:22+00:00\" \/>\n<meta property=\"og:image\" content=\"https:\/\/www.grupomemorial.com.pa\/web\/wp-content\/uploads\/2020\/08\/Paypal.png\" \/>\n<meta name=\"twitter:card\" content=\"summary_large_image\" \/>\n<meta name=\"twitter:site\" content=\"@grupo_mem_pty\" \/>\n<meta name=\"twitter:label1\" content=\"Tiempo de lectura\" \/>\n\t<meta name=\"twitter:data1\" content=\"1 minuto\" \/>\n<script type=\"application\/ld+json\" class=\"yoast-schema-graph\">{\"@context\":\"https:\\\/\\\/schema.org\",\"@graph\":[{\"@type\":\"WebPage\",\"@id\":\"https:\\\/\\\/www.grupomemorial.com.pa\\\/web\\\/contactenos\\\/\",\"url\":\"https:\\\/\\\/www.grupomemorial.com.pa\\\/web\\\/contactenos\\\/\",\"name\":\"Cont\u00e1ctenos - Grupo Memorial\",\"isPartOf\":{\"@id\":\"https:\\\/\\\/www.grupomemorial.com.pa\\\/web\\\/#website\"},\"primaryImageOfPage\":{\"@id\":\"https:\\\/\\\/www.grupomemorial.com.pa\\\/web\\\/contactenos\\\/#primaryimage\"},\"image\":{\"@id\":\"https:\\\/\\\/www.grupomemorial.com.pa\\\/web\\\/contactenos\\\/#primaryimage\"},\"thumbnailUrl\":\"https:\\\/\\\/www.grupomemorial.com.pa\\\/web\\\/wp-content\\\/uploads\\\/2020\\\/08\\\/Paypal.png\",\"datePublished\":\"2020-07-31T16:47:28+00:00\",\"dateModified\":\"2022-01-16T04:40:22+00:00\",\"breadcrumb\":{\"@id\":\"https:\\\/\\\/www.grupomemorial.com.pa\\\/web\\\/contactenos\\\/#breadcrumb\"},\"inLanguage\":\"es\",\"potentialAction\":[{\"@type\":\"ReadAction\",\"target\":[\"https:\\\/\\\/www.grupomemorial.com.pa\\\/web\\\/contactenos\\\/\"]}]},{\"@type\":\"ImageObject\",\"inLanguage\":\"es\",\"@id\":\"https:\\\/\\\/www.grupomemorial.com.pa\\\/web\\\/contactenos\\\/#primaryimage\",\"url\":\"https:\\\/\\\/i0.wp.com\\\/www.grupomemorial.com.pa\\\/web\\\/wp-content\\\/uploads\\\/2020\\\/08\\\/Paypal.png?fit=300%2C168&ssl=1\",\"contentUrl\":\"https:\\\/\\\/i0.wp.com\\\/www.grupomemorial.com.pa\\\/web\\\/wp-content\\\/uploads\\\/2020\\\/08\\\/Paypal.png?fit=300%2C168&ssl=1\",\"width\":300,\"height\":168,\"caption\":\"Paypal\"},{\"@type\":\"BreadcrumbList\",\"@id\":\"https:\\\/\\\/www.grupomemorial.com.pa\\\/web\\\/contactenos\\\/#breadcrumb\",\"itemListElement\":[{\"@type\":\"ListItem\",\"position\":1,\"name\":\"Inicio\",\"item\":\"https:\\\/\\\/www.grupomemorial.com.pa\\\/web\\\/\"},{\"@type\":\"ListItem\",\"position\":2,\"name\":\"Cont\u00e1ctenos\"}]},{\"@type\":\"WebSite\",\"@id\":\"https:\\\/\\\/www.grupomemorial.com.pa\\\/web\\\/#website\",\"url\":\"https:\\\/\\\/www.grupomemorial.com.pa\\\/web\\\/\",\"name\":\"Grupo Memorial\",\"description\":\"Funerarias, Cementerios y Cremaci\u00f3n en Panam\u00e1\",\"publisher\":{\"@id\":\"https:\\\/\\\/www.grupomemorial.com.pa\\\/web\\\/#organization\"},\"potentialAction\":[{\"@type\":\"SearchAction\",\"target\":{\"@type\":\"EntryPoint\",\"urlTemplate\":\"https:\\\/\\\/www.grupomemorial.com.pa\\\/web\\\/?s={search_term_string}\"},\"query-input\":{\"@type\":\"PropertyValueSpecification\",\"valueRequired\":true,\"valueName\":\"search_term_string\"}}],\"inLanguage\":\"es\"},{\"@type\":[\"Organization\",\"Place\"],\"@id\":\"https:\\\/\\\/www.grupomemorial.com.pa\\\/web\\\/#organization\",\"name\":\"Grupo Memorial | Corporativo\",\"url\":\"https:\\\/\\\/www.grupomemorial.com.pa\\\/web\\\/\",\"logo\":{\"@id\":\"https:\\\/\\\/www.grupomemorial.com.pa\\\/web\\\/contactenos\\\/#local-main-organization-logo\"},\"image\":{\"@id\":\"https:\\\/\\\/www.grupomemorial.com.pa\\\/web\\\/contactenos\\\/#local-main-organization-logo\"},\"sameAs\":[\"https:\\\/\\\/www.facebook.com\\\/grupomemorialpanama\\\/\",\"https:\\\/\\\/x.com\\\/grupo_mem_pty\",\"https:\\\/\\\/instagram.com\\\/grupo_memorial_panama\",\"https:\\\/\\\/www.linkedin.com\\\/company\\\/grupo-memorial-corporativo\"],\"telephone\":[],\"openingHoursSpecification\":[{\"@type\":\"OpeningHoursSpecification\",\"dayOfWeek\":[\"Monday\",\"Tuesday\",\"Wednesday\",\"Thursday\",\"Friday\",\"Saturday\",\"Sunday\"],\"opens\":\"09:00\",\"closes\":\"17:00\"}]},{\"@type\":\"ImageObject\",\"inLanguage\":\"es\",\"@id\":\"https:\\\/\\\/www.grupomemorial.com.pa\\\/web\\\/contactenos\\\/#local-main-organization-logo\",\"url\":\"https:\\\/\\\/i0.wp.com\\\/www.grupomemorial.com.pa\\\/web\\\/wp-content\\\/uploads\\\/2020\\\/09\\\/GMSA-Original.png?fit=1700%2C1701&ssl=1\",\"contentUrl\":\"https:\\\/\\\/i0.wp.com\\\/www.grupomemorial.com.pa\\\/web\\\/wp-content\\\/uploads\\\/2020\\\/09\\\/GMSA-Original.png?fit=1700%2C1701&ssl=1\",\"width\":1700,\"height\":1701,\"caption\":\"Grupo Memorial | Corporativo\"}]}<\/script>\n<!-- \/ Yoast SEO Premium plugin. -->","yoast_head_json":{"title":"Cont\u00e1ctenos - Grupo Memorial","robots":{"index":"index","follow":"follow","max-snippet":"max-snippet:-1","max-image-preview":"max-image-preview:large","max-video-preview":"max-video-preview:-1"},"canonical":"https:\/\/www.grupomemorial.com.pa\/web\/contactenos\/","og_locale":"es_ES","og_type":"article","og_title":"Cont\u00e1ctenos","og_description":"Ave. Domingo D\u00edaz, CC El Faro, Local 16 Ave. Justo Arosemena and Cl.30 San Pablo Viejo, David, Chiriqui 293-3400, 225-7123, 775-7371 info@grupomemorial.com.pa ESCRIBENOS Enviar &#916; Formas de pago Miembros de","og_url":"https:\/\/www.grupomemorial.com.pa\/web\/contactenos\/","og_site_name":"Grupo Memorial","article_publisher":"https:\/\/www.facebook.com\/grupomemorialpanama\/","article_modified_time":"2022-01-16T04:40:22+00:00","og_image":[{"url":"https:\/\/www.grupomemorial.com.pa\/web\/wp-content\/uploads\/2020\/08\/Paypal.png","type":"","width":"","height":""}],"twitter_card":"summary_large_image","twitter_site":"@grupo_mem_pty","twitter_misc":{"Tiempo de lectura":"1 minuto"},"schema":{"@context":"https:\/\/schema.org","@graph":[{"@type":"WebPage","@id":"https:\/\/www.grupomemorial.com.pa\/web\/contactenos\/","url":"https:\/\/www.grupomemorial.com.pa\/web\/contactenos\/","name":"Cont\u00e1ctenos - Grupo Memorial","isPartOf":{"@id":"https:\/\/www.grupomemorial.com.pa\/web\/#website"},"primaryImageOfPage":{"@id":"https:\/\/www.grupomemorial.com.pa\/web\/contactenos\/#primaryimage"},"image":{"@id":"https:\/\/www.grupomemorial.com.pa\/web\/contactenos\/#primaryimage"},"thumbnailUrl":"https:\/\/www.grupomemorial.com.pa\/web\/wp-content\/uploads\/2020\/08\/Paypal.png","datePublished":"2020-07-31T16:47:28+00:00","dateModified":"2022-01-16T04:40:22+00:00","breadcrumb":{"@id":"https:\/\/www.grupomemorial.com.pa\/web\/contactenos\/#breadcrumb"},"inLanguage":"es","potentialAction":[{"@type":"ReadAction","target":["https:\/\/www.grupomemorial.com.pa\/web\/contactenos\/"]}]},{"@type":"ImageObject","inLanguage":"es","@id":"https:\/\/www.grupomemorial.com.pa\/web\/contactenos\/#primaryimage","url":"https:\/\/i0.wp.com\/www.grupomemorial.com.pa\/web\/wp-content\/uploads\/2020\/08\/Paypal.png?fit=300%2C168&ssl=1","contentUrl":"https:\/\/i0.wp.com\/www.grupomemorial.com.pa\/web\/wp-content\/uploads\/2020\/08\/Paypal.png?fit=300%2C168&ssl=1","width":300,"height":168,"caption":"Paypal"},{"@type":"BreadcrumbList","@id":"https:\/\/www.grupomemorial.com.pa\/web\/contactenos\/#breadcrumb","itemListElement":[{"@type":"ListItem","position":1,"name":"Inicio","item":"https:\/\/www.grupomemorial.com.pa\/web\/"},{"@type":"ListItem","position":2,"name":"Cont\u00e1ctenos"}]},{"@type":"WebSite","@id":"https:\/\/www.grupomemorial.com.pa\/web\/#website","url":"https:\/\/www.grupomemorial.com.pa\/web\/","name":"Grupo Memorial","description":"Funerarias, Cementerios y Cremaci\u00f3n en Panam\u00e1","publisher":{"@id":"https:\/\/www.grupomemorial.com.pa\/web\/#organization"},"potentialAction":[{"@type":"SearchAction","target":{"@type":"EntryPoint","urlTemplate":"https:\/\/www.grupomemorial.com.pa\/web\/?s={search_term_string}"},"query-input":{"@type":"PropertyValueSpecification","valueRequired":true,"valueName":"search_term_string"}}],"inLanguage":"es"},{"@type":["Organization","Place"],"@id":"https:\/\/www.grupomemorial.com.pa\/web\/#organization","name":"Grupo Memorial | Corporativo","url":"https:\/\/www.grupomemorial.com.pa\/web\/","logo":{"@id":"https:\/\/www.grupomemorial.com.pa\/web\/contactenos\/#local-main-organization-logo"},"image":{"@id":"https:\/\/www.grupomemorial.com.pa\/web\/contactenos\/#local-main-organization-logo"},"sameAs":["https:\/\/www.facebook.com\/grupomemorialpanama\/","https:\/\/x.com\/grupo_mem_pty","https:\/\/instagram.com\/grupo_memorial_panama","https:\/\/www.linkedin.com\/company\/grupo-memorial-corporativo"],"telephone":[],"openingHoursSpecification":[{"@type":"OpeningHoursSpecification","dayOfWeek":["Monday","Tuesday","Wednesday","Thursday","Friday","Saturday","Sunday"],"opens":"09:00","closes":"17:00"}]},{"@type":"ImageObject","inLanguage":"es","@id":"https:\/\/www.grupomemorial.com.pa\/web\/contactenos\/#local-main-organization-logo","url":"https:\/\/i0.wp.com\/www.grupomemorial.com.pa\/web\/wp-content\/uploads\/2020\/09\/GMSA-Original.png?fit=1700%2C1701&ssl=1","contentUrl":"https:\/\/i0.wp.com\/www.grupomemorial.com.pa\/web\/wp-content\/uploads\/2020\/09\/GMSA-Original.png?fit=1700%2C1701&ssl=1","width":1700,"height":1701,"caption":"Grupo Memorial | Corporativo"}]}},"jetpack-related-posts":[{"id":197,"url":"https:\/\/www.grupomemorial.com.pa\/web\/cementerio-parque-las-acacias-david\/","url_meta":{"origin":125,"position":0},"title":"Cementerio Parque Las Acacias | David","author":"admin","date":"31\/07\/2020","format":false,"excerpt":"San Pablo Viejo, entrando por el Molino IASA 775-7371, 6613-2232","rel":"","context":"Entrada similar","block_context":{"text":"Entrada similar","link":""},"img":{"alt_text":"","src":"https:\/\/i0.wp.com\/www.grupomemorial.com.pa\/web\/wp-content\/uploads\/2020\/09\/Cementerio-No.1-1-1024x683.jpg?resize=350%2C200&ssl=1","width":350,"height":200,"srcset":"https:\/\/i0.wp.com\/www.grupomemorial.com.pa\/web\/wp-content\/uploads\/2020\/09\/Cementerio-No.1-1-1024x683.jpg?resize=350%2C200&ssl=1 1x, https:\/\/i0.wp.com\/www.grupomemorial.com.pa\/web\/wp-content\/uploads\/2020\/09\/Cementerio-No.1-1-1024x683.jpg?resize=525%2C300&ssl=1 1.5x, https:\/\/i0.wp.com\/www.grupomemorial.com.pa\/web\/wp-content\/uploads\/2020\/09\/Cementerio-No.1-1-1024x683.jpg?resize=700%2C400&ssl=1 2x"},"classes":[]},{"id":193,"url":"https:\/\/www.grupomemorial.com.pa\/web\/cementerio-parque-praderas-de-la-paz-la-cabima\/","url_meta":{"origin":125,"position":1},"title":"Cementerio Parque Praderas De La Paz | La Cabima","author":"admin","date":"31\/07\/2020","format":false,"excerpt":"Alcalde D\u00edaz, Calle Ricardo Mir\u00f3 Guardia, frente a Urb. San Lorenzo 293-3400,225-7123,6674-6754","rel":"","context":"Entrada similar","block_context":{"text":"Entrada similar","link":""},"img":{"alt_text":"","src":"https:\/\/i0.wp.com\/www.grupomemorial.com.pa\/web\/wp-content\/uploads\/2020\/09\/Osarios-y-nichos-La-Cabima-1024x671.jpeg?resize=350%2C200&ssl=1","width":350,"height":200,"srcset":"https:\/\/i0.wp.com\/www.grupomemorial.com.pa\/web\/wp-content\/uploads\/2020\/09\/Osarios-y-nichos-La-Cabima-1024x671.jpeg?resize=350%2C200&ssl=1 1x, https:\/\/i0.wp.com\/www.grupomemorial.com.pa\/web\/wp-content\/uploads\/2020\/09\/Osarios-y-nichos-La-Cabima-1024x671.jpeg?resize=525%2C300&ssl=1 1.5x, https:\/\/i0.wp.com\/www.grupomemorial.com.pa\/web\/wp-content\/uploads\/2020\/09\/Osarios-y-nichos-La-Cabima-1024x671.jpeg?resize=700%2C400&ssl=1 2x"},"classes":[]},{"id":119,"url":"https:\/\/www.grupomemorial.com.pa\/web\/ubicaciones\/","url_meta":{"origin":125,"position":2},"title":"Ubicaciones","author":"admin","date":"31\/07\/2020","format":false,"excerpt":"","rel":"","context":"Entrada similar","block_context":{"text":"Entrada similar","link":""},"img":{"alt_text":"","src":"","width":0,"height":0},"classes":[]},{"id":8,"url":"https:\/\/www.grupomemorial.com.pa\/web\/","url_meta":{"origin":125,"position":3},"title":"Inicio","author":"admin","date":"31\/07\/2020","format":false,"excerpt":"Bienvenidos a Grupo Memorial Somos una organizaci\u00f3n de capital 100% Paname\u00f1o, orientada a brindar a las familias soluciones integrales de cementerios y funerarias, ofreciendo un servicio oportuno, de forma c\u00e1lida, digna y con el m\u00e1s alto grado de sensibilidad, ante la p\u00e9rdida de un ser querido. HOMENAJE DE VIDA Descargar\u2026","rel":"","context":"Entrada similar","block_context":{"text":"Entrada similar","link":""},"img":{"alt_text":"","src":"https:\/\/i0.wp.com\/www.grupomemorial.com.pa\/web\/wp-content\/uploads\/2022\/01\/BANNER-WEB_Mesa-de-trabajo-1.png?resize=350%2C200&ssl=1","width":350,"height":200,"srcset":"https:\/\/i0.wp.com\/www.grupomemorial.com.pa\/web\/wp-content\/uploads\/2022\/01\/BANNER-WEB_Mesa-de-trabajo-1.png?resize=350%2C200&ssl=1 1x, https:\/\/i0.wp.com\/www.grupomemorial.com.pa\/web\/wp-content\/uploads\/2022\/01\/BANNER-WEB_Mesa-de-trabajo-1.png?resize=525%2C300&ssl=1 1.5x, https:\/\/i0.wp.com\/www.grupomemorial.com.pa\/web\/wp-content\/uploads\/2022\/01\/BANNER-WEB_Mesa-de-trabajo-1.png?resize=700%2C400&ssl=1 2x, https:\/\/i0.wp.com\/www.grupomemorial.com.pa\/web\/wp-content\/uploads\/2022\/01\/BANNER-WEB_Mesa-de-trabajo-1.png?resize=1050%2C600&ssl=1 3x, https:\/\/i0.wp.com\/www.grupomemorial.com.pa\/web\/wp-content\/uploads\/2022\/01\/BANNER-WEB_Mesa-de-trabajo-1.png?resize=1400%2C800&ssl=1 4x"},"classes":[]},{"id":224,"url":"https:\/\/www.grupomemorial.com.pa\/web\/la-naturaleza-del-duelo\/","url_meta":{"origin":125,"position":4},"title":"La Naturaleza del Duelo","author":"admin","date":"31\/07\/2020","format":false,"excerpt":"La naturaleza del Duelo Hablemos del porque el pesar del duelo es una experiencia natural. \u00bfHa experimentado usted el pesar del duelo? Efectivamente el duelo es una expresi\u00f3n emocional que Ia mayor\u00eda de las personas atravesamos Para usted \u00bfcual ser\u00e1 la forma adecuada de comprender el pesar del duelo? Es\u2026","rel":"","context":"Entrada similar","block_context":{"text":"Entrada similar","link":""},"img":{"alt_text":"","src":"","width":0,"height":0},"classes":[]},{"id":228,"url":"https:\/\/www.grupomemorial.com.pa\/web\/cremacion\/","url_meta":{"origin":125,"position":5},"title":"Preguntas frecuentes","author":"admin","date":"31\/07\/2020","format":false,"excerpt":"CREMACI\u00d3N Con 10 a\u00f1os de experiencia en el negocio funerario, nuestro crematorio se encuentra ubicado en las ciudades de Panam\u00e1 y David, en un ambiente de naturaleza, aire libre y serenidad. Solo se realizan cremaciones individuales y con extrema rigurosidad, identificando a la persona durante todo el proceso, para otorgarle\u2026","rel":"","context":"Entrada similar","block_context":{"text":"Entrada similar","link":""},"img":{"alt_text":"","src":"","width":0,"height":0},"classes":[]}],"_links":{"self":[{"href":"https:\/\/www.grupomemorial.com.pa\/web\/wp-json\/wp\/v2\/pages\/125","targetHints":{"allow":["GET"]}}],"collection":[{"href":"https:\/\/www.grupomemorial.com.pa\/web\/wp-json\/wp\/v2\/pages"}],"about":[{"href":"https:\/\/www.grupomemorial.com.pa\/web\/wp-json\/wp\/v2\/types\/page"}],"author":[{"embeddable":true,"href":"https:\/\/www.grupomemorial.com.pa\/web\/wp-json\/wp\/v2\/users\/1"}],"replies":[{"embeddable":true,"href":"https:\/\/www.grupomemorial.com.pa\/web\/wp-json\/wp\/v2\/comments?post=125"}],"version-history":[{"count":83,"href":"https:\/\/www.grupomemorial.com.pa\/web\/wp-json\/wp\/v2\/pages\/125\/revisions"}],"predecessor-version":[{"id":589,"href":"https:\/\/www.grupomemorial.com.pa\/web\/wp-json\/wp\/v2\/pages\/125\/revisions\/589"}],"wp:attachment":[{"href":"https:\/\/www.grupomemorial.com.pa\/web\/wp-json\/wp\/v2\/media?parent=125"}],"curies":[{"name":"wp","href":"https:\/\/api.w.org\/{rel}","templated":true}]}}