{"id":193,"date":"2020-07-31T12:43:13","date_gmt":"2020-07-31T12:43:13","guid":{"rendered":"http:\/\/www.grupomemorial.com.pa\/web\/?page_id=193"},"modified":"2025-02-20T04:12:52","modified_gmt":"2025-02-20T09:12:52","slug":"cementerio-parque-praderas-de-la-paz-la-cabima","status":"publish","type":"page","link":"https:\/\/www.grupomemorial.com.pa\/web\/cementerio-parque-praderas-de-la-paz-la-cabima\/","title":{"rendered":"Cementerio Parque Praderas De La Paz | La Cabima"},"content":{"rendered":"<p><section class=\"kc-elm kc-css-798126 kc_row\"><div class=\"kc-row-container  kc-container\"><div class=\"kc-wrap-columns\"><div class=\"kc-elm kc-css-954553 kc_col-sm-12 kc_column kc_col-sm-12\"><div class=\"kc-col-container\"><div class=\"kc-elm kc-css-243384\">\n\t<div class=\"kc-carousel_images kc-elm kc-css-243384\">\n\t\n\t\t<div class=\"kc-carousel-images owl-carousel-images kc-sync1  owl-nav-round\" data-owl-i-options='{\"items\":\"1\",\"tablet\":\"1\",\"mobile\":\"1\",\"speed\":\"150\",\"navigation\":\"yes\",\"pagination\":\"\",\"autoheight\":\"\",\"progressbar\":\"\",\"delay\":\"8\",\"autoplay\":\"yes\",\"showthumb\":\"\",\"num_thumb\":\"5\"}'>\n\t\n\t\t\t\t\t<div class=\"item\">\n\t\n\t\t\t<a class=\"kc-image-link kc-pretty-photo\" data-lightbox=\"kc-lightbox\" rel=\"prettyPhoto[243384]\" href=\"https:\/\/i0.wp.com\/www.grupomemorial.com.pa\/web\/wp-content\/uploads\/2021\/10\/446AB0B8-6096-4BED-967A-C9E748FF3204-e1642461543965.jpeg?fit=250%2C167&amp;ssl=1\"><img decoding=\"async\" src=\"https:\/\/i0.wp.com\/www.grupomemorial.com.pa\/web\/wp-content\/uploads\/2021\/10\/446AB0B8-6096-4BED-967A-C9E748FF3204-e1642461543965.jpeg?fit=250%2C167&amp;ssl=1\" alt=\"\" \/><\/a>\t\n\t\t\t<\/div>\n\t\n\t\t\t\t\t<div class=\"item\">\n\t\n\t\t\t<a class=\"kc-image-link kc-pretty-photo\" data-lightbox=\"kc-lightbox\" rel=\"prettyPhoto[243384]\" href=\"https:\/\/i0.wp.com\/www.grupomemorial.com.pa\/web\/wp-content\/uploads\/2021\/10\/712CB338-DEAE-415A-BC5E-51743028D1E2.jpeg?fit=1024%2C682&amp;ssl=1\"><img decoding=\"async\" src=\"https:\/\/i0.wp.com\/www.grupomemorial.com.pa\/web\/wp-content\/uploads\/2021\/10\/712CB338-DEAE-415A-BC5E-51743028D1E2.jpeg?fit=525%2C350&amp;ssl=1\" alt=\"\" \/><\/a>\t\n\t\t\t<\/div>\n\t\n\t\t\t\t\t<div class=\"item\">\n\t\n\t\t\t<a class=\"kc-image-link kc-pretty-photo\" data-lightbox=\"kc-lightbox\" rel=\"prettyPhoto[243384]\" href=\"https:\/\/i0.wp.com\/www.grupomemorial.com.pa\/web\/wp-content\/uploads\/2021\/10\/52780C25-EFF8-4EDF-8C6B-C908A2389880.jpeg?fit=1024%2C682&amp;ssl=1\"><img decoding=\"async\" src=\"https:\/\/i0.wp.com\/www.grupomemorial.com.pa\/web\/wp-content\/uploads\/2021\/10\/52780C25-EFF8-4EDF-8C6B-C908A2389880.jpeg?fit=525%2C350&amp;ssl=1\" alt=\"\" \/><\/a>\t\n\t\t\t<\/div>\n\t\n\t\t\t\t\t<div class=\"item\">\n\t\n\t\t\t<a class=\"kc-image-link kc-pretty-photo\" data-lightbox=\"kc-lightbox\" rel=\"prettyPhoto[243384]\" href=\"https:\/\/i0.wp.com\/www.grupomemorial.com.pa\/web\/wp-content\/uploads\/2020\/09\/Osarios-y-nichos-La-Cabima.jpeg?fit=1279%2C838&amp;ssl=1\"><img decoding=\"async\" src=\"https:\/\/i0.wp.com\/www.grupomemorial.com.pa\/web\/wp-content\/uploads\/2020\/09\/Osarios-y-nichos-La-Cabima.jpeg?fit=525%2C344&amp;ssl=1\" alt=\"\" \/><\/a>\t\n\t\t\t<\/div>\n\t\n\t\t\t\t\t<div class=\"item\">\n\t\n\t\t\t<a class=\"kc-image-link kc-pretty-photo\" data-lightbox=\"kc-lightbox\" rel=\"prettyPhoto[243384]\" href=\"https:\/\/i0.wp.com\/www.grupomemorial.com.pa\/web\/wp-content\/uploads\/2020\/09\/Fachada-Reverso-e1601144470948.jpg?fit=1279%2C852&amp;ssl=1\"><img decoding=\"async\" src=\"https:\/\/i0.wp.com\/www.grupomemorial.com.pa\/web\/wp-content\/uploads\/2020\/09\/Fachada-Reverso-e1601144470948.jpg?fit=525%2C350&amp;ssl=1\" alt=\"\" \/><\/a>\t\n\t\t\t<\/div>\n\t\n\t\t\t\n\t\t<\/div>\n\t\n\t\t\t<\/div>\n<\/div>\n<\/div><\/div><\/div><\/div><\/section><section class=\"kc-elm kc-css-979480 kc_row\"><div class=\"kc-row-container  kc-container\"><div class=\"kc-wrap-columns\"><div class=\"kc-elm kc-css-571718 kc_col-sm-12 kc_column kc_col-sm-12\"><div class=\"kc-col-container\"><div class=\"kc-elm kc-css-383653 kc_row kc_row_inner\"><div class=\"kc-elm kc-css-705367 kc_col-sm-12 kc_column_inner kc_col-sm-12\"><div class=\"contact-icon kc_wrapper kc-col-inner-container\"><div class=\"kc-elm kc_row kc_row_inner\"><div class=\"kc-elm kc_col-sm-1 kc_column_inner kc_col-sm-1\"><div class=\"\u00bbcontact-icon\u00bb kc_wrapper kc-col-inner-container\"><div class=\"kc-elm kc-css-816945 kc-icon-wrapper\">\n\t\t<i class=\"fa-map-marker icon\"><\/i>\n\t<\/div>\n<div class=\"kc-elm kc-css-976017 kc_text_block\"><\/p>\n<p>\nAlcalde D\u00edaz, Calle Ricardo Mir\u00f3 Guardia, frente a Urb. San Lorenzo<\/p>\n<p>\n<\/div><div class=\"kc-elm kc-css-517958 kc-icon-wrapper\">\n\t\t<i class=\"fa-phone icon\"><\/i>\n\t<\/div>\n<div class=\"kc-elm kc-css-924856 kc_text_block\"><\/p>\n<p>\n<a href=\"tel:2933400\">293-3400<\/a>,<a href=\"tel:2257123\">225-7123<\/a>,<a href=\"tel:Emergencias\">6674-6754<\/a><\/p>\n<p>\n<\/div><\/div><\/div><\/div><\/div><\/div><\/div><\/div><\/div><\/div><\/div><\/section><section class=\"kc-elm kc-css-330752 kc_row\"><div class=\"kc-row-container  kc-container\"><div class=\"kc-wrap-columns\"><div class=\"kc-elm kc-css-551404 kc_col-sm-12 kc_column kc_col-sm-12\"><div class=\"kc-col-container\"><div class=\"kc-elm kc-css-683607 kc_google_maps kc_shortcode\"><div style=\"height: 350px\" class=\"kc-google-maps\"><iframe src=\"https:\/\/www.google.com\/maps\/embed?pb=!1m18!1m12!1m3!1d3939.2178209993494!2d-79.53258968467046!3d9.134789289836915!2m3!1f0!2f0!3f0!3m2!1i1024!2i768!4f13.1!3m3!1m2!1s0x8fab50cf3fff35f5%3A0x7a23847506d87208!2sCementerio%20Parque%20Praderas%20De%20La%20Paz%20%7C%20La%20Cabima!5e0!3m2!1ses-419!2spa!4v1601317819003!5m2!1ses-419!2spa\" width=\"100%\" height=\"350\" frameborder=\"0\" style=\"border:0;\" allowfullscreen=\"\" aria-hidden=\"false\" tabindex=\"0\"><\/iframe><\/div><\/div><\/div><\/div><\/div><\/div><\/section><\/p>\n","protected":false},"excerpt":{"rendered":"","protected":false},"author":1,"featured_media":0,"parent":0,"menu_order":0,"comment_status":"closed","ping_status":"closed","template":"","meta":{"footnotes":""},"class_list":["post-193","page","type-page","status-publish","hentry"],"yoast_head":"<!-- This site is optimized with the Yoast SEO Premium plugin v27.5 (Yoast SEO v27.5) - https:\/\/yoast.com\/product\/yoast-seo-premium-wordpress\/ -->\n<title>Praderas de la Paz | Servicios de Grupo Memorial Corporativo<\/title>\n<meta name=\"description\" content=\"Explore Praderas de la Paz con Grupo Memorial Corporativo. Ofrecemos servicios funerarios personalizados, capillas memoriales y espacios de paz para despedidas significativas.\" \/>\n<meta name=\"robots\" content=\"index, follow, max-snippet:-1, max-image-preview:large, max-video-preview:-1\" \/>\n<link rel=\"canonical\" href=\"https:\/\/www.grupomemorial.com.pa\/web\/cementerio-parque-praderas-de-la-paz-la-cabima\/\" \/>\n<meta property=\"og:locale\" content=\"es_ES\" \/>\n<meta property=\"og:type\" content=\"article\" \/>\n<meta property=\"og:title\" content=\"Cementerio Parque Praderas De La Paz | La Cabima\" \/>\n<meta property=\"og:description\" content=\"Explore Praderas de la Paz con Grupo Memorial Corporativo. Ofrecemos servicios funerarios personalizados, capillas memoriales y espacios de paz para despedidas significativas.\" \/>\n<meta property=\"og:url\" content=\"https:\/\/www.grupomemorial.com.pa\/web\/cementerio-parque-praderas-de-la-paz-la-cabima\/\" \/>\n<meta property=\"og:site_name\" content=\"Grupo Memorial\" \/>\n<meta property=\"article:publisher\" content=\"https:\/\/www.facebook.com\/grupomemorialpanama\/\" \/>\n<meta property=\"article:modified_time\" content=\"2025-02-20T09:12:52+00:00\" \/>\n<meta property=\"og:image\" content=\"https:\/\/www.grupomemorial.com.pa\/web\/wp-content\/uploads\/2021\/10\/446AB0B8-6096-4BED-967A-C9E748FF3204-e1642461543965.jpeg\" \/>\n<meta name=\"twitter:card\" content=\"summary_large_image\" \/>\n<meta name=\"twitter:site\" content=\"@grupo_mem_pty\" \/>\n<meta name=\"twitter:label1\" content=\"Tiempo de lectura\" \/>\n\t<meta name=\"twitter:data1\" content=\"1 minuto\" \/>\n<script type=\"application\/ld+json\" class=\"yoast-schema-graph\">{\"@context\":\"https:\\\/\\\/schema.org\",\"@graph\":[{\"@type\":\"WebPage\",\"@id\":\"https:\\\/\\\/www.grupomemorial.com.pa\\\/web\\\/cementerio-parque-praderas-de-la-paz-la-cabima\\\/\",\"url\":\"https:\\\/\\\/www.grupomemorial.com.pa\\\/web\\\/cementerio-parque-praderas-de-la-paz-la-cabima\\\/\",\"name\":\"Praderas de la Paz | Servicios de Grupo Memorial Corporativo\",\"isPartOf\":{\"@id\":\"https:\\\/\\\/www.grupomemorial.com.pa\\\/web\\\/#website\"},\"primaryImageOfPage\":{\"@id\":\"https:\\\/\\\/www.grupomemorial.com.pa\\\/web\\\/cementerio-parque-praderas-de-la-paz-la-cabima\\\/#primaryimage\"},\"image\":{\"@id\":\"https:\\\/\\\/www.grupomemorial.com.pa\\\/web\\\/cementerio-parque-praderas-de-la-paz-la-cabima\\\/#primaryimage\"},\"thumbnailUrl\":\"https:\\\/\\\/www.grupomemorial.com.pa\\\/web\\\/wp-content\\\/uploads\\\/2021\\\/10\\\/446AB0B8-6096-4BED-967A-C9E748FF3204-e1642461543965.jpeg\",\"datePublished\":\"2020-07-31T12:43:13+00:00\",\"dateModified\":\"2025-02-20T09:12:52+00:00\",\"description\":\"Explore Praderas de la Paz con Grupo Memorial Corporativo. Ofrecemos servicios funerarios personalizados, capillas memoriales y espacios de paz para despedidas significativas.\",\"breadcrumb\":{\"@id\":\"https:\\\/\\\/www.grupomemorial.com.pa\\\/web\\\/cementerio-parque-praderas-de-la-paz-la-cabima\\\/#breadcrumb\"},\"inLanguage\":\"es\",\"potentialAction\":[{\"@type\":\"ReadAction\",\"target\":[\"https:\\\/\\\/www.grupomemorial.com.pa\\\/web\\\/cementerio-parque-praderas-de-la-paz-la-cabima\\\/\"]}]},{\"@type\":\"ImageObject\",\"inLanguage\":\"es\",\"@id\":\"https:\\\/\\\/www.grupomemorial.com.pa\\\/web\\\/cementerio-parque-praderas-de-la-paz-la-cabima\\\/#primaryimage\",\"url\":\"https:\\\/\\\/i0.wp.com\\\/www.grupomemorial.com.pa\\\/web\\\/wp-content\\\/uploads\\\/2021\\\/10\\\/446AB0B8-6096-4BED-967A-C9E748FF3204-e1642461543965.jpeg?fit=250%2C167&ssl=1\",\"contentUrl\":\"https:\\\/\\\/i0.wp.com\\\/www.grupomemorial.com.pa\\\/web\\\/wp-content\\\/uploads\\\/2021\\\/10\\\/446AB0B8-6096-4BED-967A-C9E748FF3204-e1642461543965.jpeg?fit=250%2C167&ssl=1\",\"width\":250,\"height\":167,\"caption\":\"446AB0B8-6096-4BED-967A-C9E748FF3204\"},{\"@type\":\"BreadcrumbList\",\"@id\":\"https:\\\/\\\/www.grupomemorial.com.pa\\\/web\\\/cementerio-parque-praderas-de-la-paz-la-cabima\\\/#breadcrumb\",\"itemListElement\":[{\"@type\":\"ListItem\",\"position\":1,\"name\":\"Inicio\",\"item\":\"https:\\\/\\\/www.grupomemorial.com.pa\\\/web\\\/\"},{\"@type\":\"ListItem\",\"position\":2,\"name\":\"Cementerio Parque Praderas De La Paz | La Cabima\"}]},{\"@type\":\"WebSite\",\"@id\":\"https:\\\/\\\/www.grupomemorial.com.pa\\\/web\\\/#website\",\"url\":\"https:\\\/\\\/www.grupomemorial.com.pa\\\/web\\\/\",\"name\":\"Grupo Memorial\",\"description\":\"Funerarias, Cementerios y Cremaci\u00f3n en Panam\u00e1\",\"publisher\":{\"@id\":\"https:\\\/\\\/www.grupomemorial.com.pa\\\/web\\\/#organization\"},\"potentialAction\":[{\"@type\":\"SearchAction\",\"target\":{\"@type\":\"EntryPoint\",\"urlTemplate\":\"https:\\\/\\\/www.grupomemorial.com.pa\\\/web\\\/?s={search_term_string}\"},\"query-input\":{\"@type\":\"PropertyValueSpecification\",\"valueRequired\":true,\"valueName\":\"search_term_string\"}}],\"inLanguage\":\"es\"},{\"@type\":[\"Organization\",\"Place\"],\"@id\":\"https:\\\/\\\/www.grupomemorial.com.pa\\\/web\\\/#organization\",\"name\":\"Grupo Memorial | Corporativo\",\"url\":\"https:\\\/\\\/www.grupomemorial.com.pa\\\/web\\\/\",\"logo\":{\"@id\":\"https:\\\/\\\/www.grupomemorial.com.pa\\\/web\\\/cementerio-parque-praderas-de-la-paz-la-cabima\\\/#local-main-organization-logo\"},\"image\":{\"@id\":\"https:\\\/\\\/www.grupomemorial.com.pa\\\/web\\\/cementerio-parque-praderas-de-la-paz-la-cabima\\\/#local-main-organization-logo\"},\"sameAs\":[\"https:\\\/\\\/www.facebook.com\\\/grupomemorialpanama\\\/\",\"https:\\\/\\\/x.com\\\/grupo_mem_pty\",\"https:\\\/\\\/instagram.com\\\/grupo_memorial_panama\",\"https:\\\/\\\/www.linkedin.com\\\/company\\\/grupo-memorial-corporativo\"],\"telephone\":[],\"openingHoursSpecification\":[{\"@type\":\"OpeningHoursSpecification\",\"dayOfWeek\":[\"Monday\",\"Tuesday\",\"Wednesday\",\"Thursday\",\"Friday\",\"Saturday\",\"Sunday\"],\"opens\":\"09:00\",\"closes\":\"17:00\"}]},{\"@type\":\"ImageObject\",\"inLanguage\":\"es\",\"@id\":\"https:\\\/\\\/www.grupomemorial.com.pa\\\/web\\\/cementerio-parque-praderas-de-la-paz-la-cabima\\\/#local-main-organization-logo\",\"url\":\"https:\\\/\\\/i0.wp.com\\\/www.grupomemorial.com.pa\\\/web\\\/wp-content\\\/uploads\\\/2020\\\/09\\\/GMSA-Original.png?fit=1700%2C1701&ssl=1\",\"contentUrl\":\"https:\\\/\\\/i0.wp.com\\\/www.grupomemorial.com.pa\\\/web\\\/wp-content\\\/uploads\\\/2020\\\/09\\\/GMSA-Original.png?fit=1700%2C1701&ssl=1\",\"width\":1700,\"height\":1701,\"caption\":\"Grupo Memorial | Corporativo\"}]}<\/script>\n<!-- \/ Yoast SEO Premium plugin. -->","yoast_head_json":{"title":"Praderas de la Paz | Servicios de Grupo Memorial Corporativo","description":"Explore Praderas de la Paz con Grupo Memorial Corporativo. Ofrecemos servicios funerarios personalizados, capillas memoriales y espacios de paz para despedidas significativas.","robots":{"index":"index","follow":"follow","max-snippet":"max-snippet:-1","max-image-preview":"max-image-preview:large","max-video-preview":"max-video-preview:-1"},"canonical":"https:\/\/www.grupomemorial.com.pa\/web\/cementerio-parque-praderas-de-la-paz-la-cabima\/","og_locale":"es_ES","og_type":"article","og_title":"Cementerio Parque Praderas De La Paz | La Cabima","og_description":"Explore Praderas de la Paz con Grupo Memorial Corporativo. Ofrecemos servicios funerarios personalizados, capillas memoriales y espacios de paz para despedidas significativas.","og_url":"https:\/\/www.grupomemorial.com.pa\/web\/cementerio-parque-praderas-de-la-paz-la-cabima\/","og_site_name":"Grupo Memorial","article_publisher":"https:\/\/www.facebook.com\/grupomemorialpanama\/","article_modified_time":"2025-02-20T09:12:52+00:00","og_image":[{"url":"https:\/\/www.grupomemorial.com.pa\/web\/wp-content\/uploads\/2021\/10\/446AB0B8-6096-4BED-967A-C9E748FF3204-e1642461543965.jpeg","type":"","width":"","height":""}],"twitter_card":"summary_large_image","twitter_site":"@grupo_mem_pty","twitter_misc":{"Tiempo de lectura":"1 minuto"},"schema":{"@context":"https:\/\/schema.org","@graph":[{"@type":"WebPage","@id":"https:\/\/www.grupomemorial.com.pa\/web\/cementerio-parque-praderas-de-la-paz-la-cabima\/","url":"https:\/\/www.grupomemorial.com.pa\/web\/cementerio-parque-praderas-de-la-paz-la-cabima\/","name":"Praderas de la Paz | Servicios de Grupo Memorial Corporativo","isPartOf":{"@id":"https:\/\/www.grupomemorial.com.pa\/web\/#website"},"primaryImageOfPage":{"@id":"https:\/\/www.grupomemorial.com.pa\/web\/cementerio-parque-praderas-de-la-paz-la-cabima\/#primaryimage"},"image":{"@id":"https:\/\/www.grupomemorial.com.pa\/web\/cementerio-parque-praderas-de-la-paz-la-cabima\/#primaryimage"},"thumbnailUrl":"https:\/\/www.grupomemorial.com.pa\/web\/wp-content\/uploads\/2021\/10\/446AB0B8-6096-4BED-967A-C9E748FF3204-e1642461543965.jpeg","datePublished":"2020-07-31T12:43:13+00:00","dateModified":"2025-02-20T09:12:52+00:00","description":"Explore Praderas de la Paz con Grupo Memorial Corporativo. Ofrecemos servicios funerarios personalizados, capillas memoriales y espacios de paz para despedidas significativas.","breadcrumb":{"@id":"https:\/\/www.grupomemorial.com.pa\/web\/cementerio-parque-praderas-de-la-paz-la-cabima\/#breadcrumb"},"inLanguage":"es","potentialAction":[{"@type":"ReadAction","target":["https:\/\/www.grupomemorial.com.pa\/web\/cementerio-parque-praderas-de-la-paz-la-cabima\/"]}]},{"@type":"ImageObject","inLanguage":"es","@id":"https:\/\/www.grupomemorial.com.pa\/web\/cementerio-parque-praderas-de-la-paz-la-cabima\/#primaryimage","url":"https:\/\/i0.wp.com\/www.grupomemorial.com.pa\/web\/wp-content\/uploads\/2021\/10\/446AB0B8-6096-4BED-967A-C9E748FF3204-e1642461543965.jpeg?fit=250%2C167&ssl=1","contentUrl":"https:\/\/i0.wp.com\/www.grupomemorial.com.pa\/web\/wp-content\/uploads\/2021\/10\/446AB0B8-6096-4BED-967A-C9E748FF3204-e1642461543965.jpeg?fit=250%2C167&ssl=1","width":250,"height":167,"caption":"446AB0B8-6096-4BED-967A-C9E748FF3204"},{"@type":"BreadcrumbList","@id":"https:\/\/www.grupomemorial.com.pa\/web\/cementerio-parque-praderas-de-la-paz-la-cabima\/#breadcrumb","itemListElement":[{"@type":"ListItem","position":1,"name":"Inicio","item":"https:\/\/www.grupomemorial.com.pa\/web\/"},{"@type":"ListItem","position":2,"name":"Cementerio Parque Praderas De La Paz | La Cabima"}]},{"@type":"WebSite","@id":"https:\/\/www.grupomemorial.com.pa\/web\/#website","url":"https:\/\/www.grupomemorial.com.pa\/web\/","name":"Grupo Memorial","description":"Funerarias, Cementerios y Cremaci\u00f3n en Panam\u00e1","publisher":{"@id":"https:\/\/www.grupomemorial.com.pa\/web\/#organization"},"potentialAction":[{"@type":"SearchAction","target":{"@type":"EntryPoint","urlTemplate":"https:\/\/www.grupomemorial.com.pa\/web\/?s={search_term_string}"},"query-input":{"@type":"PropertyValueSpecification","valueRequired":true,"valueName":"search_term_string"}}],"inLanguage":"es"},{"@type":["Organization","Place"],"@id":"https:\/\/www.grupomemorial.com.pa\/web\/#organization","name":"Grupo Memorial | Corporativo","url":"https:\/\/www.grupomemorial.com.pa\/web\/","logo":{"@id":"https:\/\/www.grupomemorial.com.pa\/web\/cementerio-parque-praderas-de-la-paz-la-cabima\/#local-main-organization-logo"},"image":{"@id":"https:\/\/www.grupomemorial.com.pa\/web\/cementerio-parque-praderas-de-la-paz-la-cabima\/#local-main-organization-logo"},"sameAs":["https:\/\/www.facebook.com\/grupomemorialpanama\/","https:\/\/x.com\/grupo_mem_pty","https:\/\/instagram.com\/grupo_memorial_panama","https:\/\/www.linkedin.com\/company\/grupo-memorial-corporativo"],"telephone":[],"openingHoursSpecification":[{"@type":"OpeningHoursSpecification","dayOfWeek":["Monday","Tuesday","Wednesday","Thursday","Friday","Saturday","Sunday"],"opens":"09:00","closes":"17:00"}]},{"@type":"ImageObject","inLanguage":"es","@id":"https:\/\/www.grupomemorial.com.pa\/web\/cementerio-parque-praderas-de-la-paz-la-cabima\/#local-main-organization-logo","url":"https:\/\/i0.wp.com\/www.grupomemorial.com.pa\/web\/wp-content\/uploads\/2020\/09\/GMSA-Original.png?fit=1700%2C1701&ssl=1","contentUrl":"https:\/\/i0.wp.com\/www.grupomemorial.com.pa\/web\/wp-content\/uploads\/2020\/09\/GMSA-Original.png?fit=1700%2C1701&ssl=1","width":1700,"height":1701,"caption":"Grupo Memorial | Corporativo"}]}},"jetpack-related-posts":[{"id":197,"url":"https:\/\/www.grupomemorial.com.pa\/web\/cementerio-parque-las-acacias-david\/","url_meta":{"origin":193,"position":0},"title":"Cementerio Parque Las Acacias | David","author":"admin","date":"31\/07\/2020","format":false,"excerpt":"San Pablo Viejo, entrando por el Molino IASA 775-7371, 6613-2232","rel":"","context":"Entrada similar","block_context":{"text":"Entrada similar","link":""},"img":{"alt_text":"","src":"https:\/\/i0.wp.com\/www.grupomemorial.com.pa\/web\/wp-content\/uploads\/2020\/09\/Cementerio-No.1-1-1024x683.jpg?resize=350%2C200&ssl=1","width":350,"height":200,"srcset":"https:\/\/i0.wp.com\/www.grupomemorial.com.pa\/web\/wp-content\/uploads\/2020\/09\/Cementerio-No.1-1-1024x683.jpg?resize=350%2C200&ssl=1 1x, https:\/\/i0.wp.com\/www.grupomemorial.com.pa\/web\/wp-content\/uploads\/2020\/09\/Cementerio-No.1-1-1024x683.jpg?resize=525%2C300&ssl=1 1.5x, https:\/\/i0.wp.com\/www.grupomemorial.com.pa\/web\/wp-content\/uploads\/2020\/09\/Cementerio-No.1-1-1024x683.jpg?resize=700%2C400&ssl=1 2x"},"classes":[]},{"id":119,"url":"https:\/\/www.grupomemorial.com.pa\/web\/ubicaciones\/","url_meta":{"origin":193,"position":1},"title":"Ubicaciones","author":"admin","date":"31\/07\/2020","format":false,"excerpt":"","rel":"","context":"Entrada similar","block_context":{"text":"Entrada similar","link":""},"img":{"alt_text":"","src":"","width":0,"height":0},"classes":[]},{"id":125,"url":"https:\/\/www.grupomemorial.com.pa\/web\/contactenos\/","url_meta":{"origin":193,"position":2},"title":"Cont\u00e1ctenos","author":"admin","date":"31\/07\/2020","format":false,"excerpt":"Ave. Domingo D\u00edaz, CC El Faro, Local 16Ave. Justo Arosemena and Cl.30San Pablo Viejo, David, Chiriqui 293-3400, 225-7123, 775-7371 info@grupomemorial.com.pa ESCRIBENOS Enviar \u0394 Formas de pago Miembros de","rel":"","context":"Entrada similar","block_context":{"text":"Entrada similar","link":""},"img":{"alt_text":"","src":"","width":0,"height":0},"classes":[]},{"id":207,"url":"https:\/\/www.grupomemorial.com.pa\/web\/funeraria-capillas-memoriales-david\/","url_meta":{"origin":193,"position":3},"title":"Funeraria Capillas Memoriales | David","author":"admin","date":"31\/07\/2020","format":false,"excerpt":"San Pablo Viejo, entrando por el Molino IASA 775-7371, 6613-2232","rel":"","context":"Entrada similar","block_context":{"text":"Entrada similar","link":""},"img":{"alt_text":"","src":"https:\/\/i0.wp.com\/www.grupomemorial.com.pa\/web\/wp-content\/uploads\/2020\/09\/Cementerio-No.1-1-1024x683.jpg?resize=350%2C200&ssl=1","width":350,"height":200,"srcset":"https:\/\/i0.wp.com\/www.grupomemorial.com.pa\/web\/wp-content\/uploads\/2020\/09\/Cementerio-No.1-1-1024x683.jpg?resize=350%2C200&ssl=1 1x, https:\/\/i0.wp.com\/www.grupomemorial.com.pa\/web\/wp-content\/uploads\/2020\/09\/Cementerio-No.1-1-1024x683.jpg?resize=525%2C300&ssl=1 1.5x, https:\/\/i0.wp.com\/www.grupomemorial.com.pa\/web\/wp-content\/uploads\/2020\/09\/Cementerio-No.1-1-1024x683.jpg?resize=700%2C400&ssl=1 2x"},"classes":[]},{"id":228,"url":"https:\/\/www.grupomemorial.com.pa\/web\/cremacion\/","url_meta":{"origin":193,"position":4},"title":"Preguntas frecuentes","author":"admin","date":"31\/07\/2020","format":false,"excerpt":"CREMACI\u00d3N Con 10 a\u00f1os de experiencia en el negocio funerario, nuestro crematorio se encuentra ubicado en las ciudades de Panam\u00e1 y David, en un ambiente de naturaleza, aire libre y serenidad. Solo se realizan cremaciones individuales y con extrema rigurosidad, identificando a la persona durante todo el proceso, para otorgarle\u2026","rel":"","context":"Entrada similar","block_context":{"text":"Entrada similar","link":""},"img":{"alt_text":"","src":"","width":0,"height":0},"classes":[]},{"id":8,"url":"https:\/\/www.grupomemorial.com.pa\/web\/","url_meta":{"origin":193,"position":5},"title":"Inicio","author":"admin","date":"31\/07\/2020","format":false,"excerpt":"Bienvenidos a Grupo Memorial Somos una organizaci\u00f3n de capital 100% Paname\u00f1o, orientada a brindar a las familias soluciones integrales de cementerios y funerarias, ofreciendo un servicio oportuno, de forma c\u00e1lida, digna y con el m\u00e1s alto grado de sensibilidad, ante la p\u00e9rdida de un ser querido. HOMENAJE DE VIDA Descargar\u2026","rel":"","context":"Entrada similar","block_context":{"text":"Entrada similar","link":""},"img":{"alt_text":"","src":"https:\/\/i0.wp.com\/www.grupomemorial.com.pa\/web\/wp-content\/uploads\/2022\/01\/BANNER-WEB_Mesa-de-trabajo-1.png?resize=350%2C200&ssl=1","width":350,"height":200,"srcset":"https:\/\/i0.wp.com\/www.grupomemorial.com.pa\/web\/wp-content\/uploads\/2022\/01\/BANNER-WEB_Mesa-de-trabajo-1.png?resize=350%2C200&ssl=1 1x, https:\/\/i0.wp.com\/www.grupomemorial.com.pa\/web\/wp-content\/uploads\/2022\/01\/BANNER-WEB_Mesa-de-trabajo-1.png?resize=525%2C300&ssl=1 1.5x, https:\/\/i0.wp.com\/www.grupomemorial.com.pa\/web\/wp-content\/uploads\/2022\/01\/BANNER-WEB_Mesa-de-trabajo-1.png?resize=700%2C400&ssl=1 2x, https:\/\/i0.wp.com\/www.grupomemorial.com.pa\/web\/wp-content\/uploads\/2022\/01\/BANNER-WEB_Mesa-de-trabajo-1.png?resize=1050%2C600&ssl=1 3x, https:\/\/i0.wp.com\/www.grupomemorial.com.pa\/web\/wp-content\/uploads\/2022\/01\/BANNER-WEB_Mesa-de-trabajo-1.png?resize=1400%2C800&ssl=1 4x"},"classes":[]}],"_links":{"self":[{"href":"https:\/\/www.grupomemorial.com.pa\/web\/wp-json\/wp\/v2\/pages\/193","targetHints":{"allow":["GET"]}}],"collection":[{"href":"https:\/\/www.grupomemorial.com.pa\/web\/wp-json\/wp\/v2\/pages"}],"about":[{"href":"https:\/\/www.grupomemorial.com.pa\/web\/wp-json\/wp\/v2\/types\/page"}],"author":[{"embeddable":true,"href":"https:\/\/www.grupomemorial.com.pa\/web\/wp-json\/wp\/v2\/users\/1"}],"replies":[{"embeddable":true,"href":"https:\/\/www.grupomemorial.com.pa\/web\/wp-json\/wp\/v2\/comments?post=193"}],"version-history":[{"count":15,"href":"https:\/\/www.grupomemorial.com.pa\/web\/wp-json\/wp\/v2\/pages\/193\/revisions"}],"predecessor-version":[{"id":1597,"href":"https:\/\/www.grupomemorial.com.pa\/web\/wp-json\/wp\/v2\/pages\/193\/revisions\/1597"}],"wp:attachment":[{"href":"https:\/\/www.grupomemorial.com.pa\/web\/wp-json\/wp\/v2\/media?parent=193"}],"curies":[{"name":"wp","href":"https:\/\/api.w.org\/{rel}","templated":true}]}}