{"id":214,"date":"2020-07-31T12:49:51","date_gmt":"2020-07-31T12:49:51","guid":{"rendered":"http:\/\/www.grupomemorial.com.pa\/web\/?page_id=214"},"modified":"2022-01-09T23:00:49","modified_gmt":"2022-01-10T04:00:49","slug":"grupo-memorial-cc-el-faro","status":"publish","type":"page","link":"https:\/\/www.grupomemorial.com.pa\/web\/grupo-memorial-cc-el-faro\/","title":{"rendered":"Grupo Memorial | CC El Faro"},"content":{"rendered":"<p><section class=\"kc-elm kc-css-841378 kc_row\"><div class=\"kc-row-container  kc-container\"><div class=\"kc-wrap-columns\"><div class=\"kc-elm kc-css-755636 kc_col-sm-12 kc_column kc_col-sm-12\"><div class=\"kc-col-container\"><div class=\"kc-elm kc-css-688969\">\n\t<div class=\"kc-carousel_images kc-elm kc-css-688969\">\n\t\n\t\t<div class=\"kc-carousel-images owl-carousel-images kc-sync1  owl-nav-round\" data-owl-i-options='{\"items\":\"1\",\"tablet\":\"1\",\"mobile\":\"1\",\"speed\":\"150\",\"navigation\":\"yes\",\"pagination\":\"\",\"autoheight\":\"\",\"progressbar\":\"\",\"delay\":\"8\",\"autoplay\":\"yes\",\"showthumb\":\"\",\"num_thumb\":\"5\"}'>\n\t\n\t\t\t\t\t<div class=\"item\">\n\t\n\t\t\t<a class=\"kc-image-link kc-pretty-photo\" data-lightbox=\"kc-lightbox\" rel=\"prettyPhoto[688969]\" href=\"https:\/\/i0.wp.com\/www.grupomemorial.com.pa\/web\/wp-content\/uploads\/2020\/09\/Fachada-2.jpg?fit=1732%2C1154&amp;ssl=1\"><img decoding=\"async\" src=\"https:\/\/i0.wp.com\/www.grupomemorial.com.pa\/web\/wp-content\/uploads\/2020\/09\/Fachada-2.jpg?fit=525%2C350&amp;ssl=1\" alt=\"\" \/><\/a>\t\n\t\t\t<\/div>\n\t\n\t\t\t\t\t<div class=\"item\">\n\t\n\t\t\t<a class=\"kc-image-link kc-pretty-photo\" data-lightbox=\"kc-lightbox\" rel=\"prettyPhoto[688969]\" href=\"https:\/\/i0.wp.com\/www.grupomemorial.com.pa\/web\/wp-content\/uploads\/2020\/09\/Fachada-La-Cabima-e1601144491487.jpg?fit=1279%2C852&amp;ssl=1\"><img decoding=\"async\" src=\"https:\/\/i0.wp.com\/www.grupomemorial.com.pa\/web\/wp-content\/uploads\/2020\/09\/Fachada-La-Cabima-e1601144491487.jpg?fit=525%2C350&amp;ssl=1\" alt=\"\" \/><\/a>\t\n\t\t\t<\/div>\n\t\n\t\t\t\t\t<div class=\"item\">\n\t\n\t\t\t<a class=\"kc-image-link kc-pretty-photo\" data-lightbox=\"kc-lightbox\" rel=\"prettyPhoto[688969]\" href=\"https:\/\/i0.wp.com\/www.grupomemorial.com.pa\/web\/wp-content\/uploads\/2020\/09\/Fachada-Frente.jpg?fit=1732%2C1154&amp;ssl=1\"><img decoding=\"async\" src=\"https:\/\/i0.wp.com\/www.grupomemorial.com.pa\/web\/wp-content\/uploads\/2020\/09\/Fachada-Frente.jpg?fit=525%2C350&amp;ssl=1\" alt=\"\" \/><\/a>\t\n\t\t\t<\/div>\n\t\n\t\t\t\t\t<div class=\"item\">\n\t\n\t\t\t<a class=\"kc-image-link kc-pretty-photo\" data-lightbox=\"kc-lightbox\" rel=\"prettyPhoto[688969]\" href=\"https:\/\/i0.wp.com\/www.grupomemorial.com.pa\/web\/wp-content\/uploads\/2020\/09\/Cementerio-No.1-1-scaled.jpg?fit=2560%2C1707&amp;ssl=1\"><img decoding=\"async\" src=\"https:\/\/i0.wp.com\/www.grupomemorial.com.pa\/web\/wp-content\/uploads\/2020\/09\/Cementerio-No.1-1-scaled.jpg?fit=525%2C350&amp;ssl=1\" alt=\"\" \/><\/a>\t\n\t\t\t<\/div>\n\t\n\t\t\t\t\t<div class=\"item\">\n\t\n\t\t\t<a class=\"kc-image-link kc-pretty-photo\" data-lightbox=\"kc-lightbox\" rel=\"prettyPhoto[688969]\" href=\"https:\/\/i0.wp.com\/www.grupomemorial.com.pa\/web\/wp-content\/uploads\/2020\/09\/Fachada-1-scaled-e1601093914895.jpg?fit=984%2C615&amp;ssl=1\"><img decoding=\"async\" src=\"https:\/\/i0.wp.com\/www.grupomemorial.com.pa\/web\/wp-content\/uploads\/2020\/09\/Fachada-1-scaled-e1601093914895.jpg?fit=525%2C328&amp;ssl=1\" alt=\"\" \/><\/a>\t\n\t\t\t<\/div>\n\t\n\t\t\t\t\t<div class=\"item\">\n\t\n\t\t\t<a class=\"kc-image-link kc-pretty-photo\" data-lightbox=\"kc-lightbox\" rel=\"prettyPhoto[688969]\" href=\"https:\/\/i0.wp.com\/www.grupomemorial.com.pa\/web\/wp-content\/uploads\/2020\/07\/banner3.jpg?fit=1900%2C896&amp;ssl=1\"><img decoding=\"async\" src=\"https:\/\/i0.wp.com\/www.grupomemorial.com.pa\/web\/wp-content\/uploads\/2020\/07\/banner3.jpg?fit=525%2C248&amp;ssl=1\" alt=\"\" \/><\/a>\t\n\t\t\t<\/div>\n\t\n\t\t\t\n\t\t<\/div>\n\t\n\t\t\t<\/div>\n<\/div>\n<\/div><\/div><\/div><\/div><\/section><section class=\"kc-elm kc-css-368642 kc_row\"><div class=\"kc-row-container  kc-container\"><div class=\"kc-wrap-columns\"><div class=\"kc-elm kc-css-672494 kc_col-sm-12 kc_column kc_col-sm-12\"><div class=\"kc-col-container\"><div class=\"kc-elm kc-css-28898 kc_row kc_row_inner\"><div class=\"kc-elm kc-css-386694 kc_col-sm-12 kc_column_inner kc_col-sm-12\"><div class=\"contact-icon kc_wrapper kc-col-inner-container\"><div class=\"kc-elm kc_row kc_row_inner\"><div class=\"kc-elm kc_col-sm-1 kc_column_inner kc_col-sm-1\"><div class=\"\u00bbcontact-icon\u00bb kc_wrapper kc-col-inner-container\"><div class=\"kc-elm kc-css-507965 kc-icon-wrapper\">\n\t\t<i class=\"fa-map-marker icon\"><\/i>\n\t<\/div>\n<div class=\"kc-elm kc-css-61455 kc_text_block\"><\/p>\n<p>\nAvenida Domingo D\u00edaz, Centro Comercial El Faro, Local No.16<\/p>\n<p>\n<\/div><div class=\"kc-elm kc-css-334330 kc-icon-wrapper\">\n\t\t<i class=\"fa-phone icon\"><\/i>\n\t<\/div>\n<div class=\"kc-elm kc-css-498372 kc_text_block\"><\/p>\n<p>\n<a href=\"tel:2933400\">293-3400<\/a>,<br \/><a href=\"tel:2257123\">225-7123<\/a>,<br \/><a href=\"tel:Emergencias\">6674-6754<\/a><\/p>\n<p>\n<\/div><\/div><\/div><\/div><\/div><\/div><\/div><\/div><\/div><\/div><\/div><\/section><section class=\"kc-elm kc-css-39502 kc_row\"><div class=\"kc-row-container  kc-container\"><div class=\"kc-wrap-columns\"><div class=\"kc-elm kc-css-548017 kc_col-sm-12 kc_column kc_col-sm-12\"><div class=\"kc-col-container\"><div class=\"kc-elm kc-css-137204 kc_google_maps kc_shortcode\"><div style=\"height: 350px\" class=\"kc-google-maps\"><iframe src=\"https:\/\/www.google.com\/maps\/embed?pb=!1m18!1m12!1m3!1d3940.1584108293982!2d-79.45755538467063!3d9.049311191160882!2m3!1f0!2f0!3f0!3m2!1i1024!2i768!4f13.1!3m3!1m2!1s0x8fab55607fe294d7%3A0xd03e9bac2ad5b87a!2sCementerio%20Parque%20Praderas%20De%20La%20Paz%20%7C%20CC%20El%20Faro!5e0!3m2!1ses-419!2spa!4v1601338571146!5m2!1ses-419!2spa\" width=\"100%\" height=\"350\" frameborder=\"0\" style=\"border:0;\" allowfullscreen=\"\" aria-hidden=\"false\" tabindex=\"0\"><\/iframe><\/div><\/div><\/div><\/div><\/div><\/div><\/section><\/p>\n","protected":false},"excerpt":{"rendered":"","protected":false},"author":1,"featured_media":0,"parent":0,"menu_order":0,"comment_status":"closed","ping_status":"closed","template":"","meta":{"footnotes":""},"class_list":["post-214","page","type-page","status-publish","hentry"],"yoast_head":"<!-- This site is optimized with the Yoast SEO Premium plugin v27.5 (Yoast SEO v27.5) - https:\/\/yoast.com\/product\/yoast-seo-premium-wordpress\/ -->\n<title>Grupo Memorial | CC El Faro - Grupo Memorial<\/title>\n<meta name=\"robots\" content=\"index, follow, max-snippet:-1, max-image-preview:large, max-video-preview:-1\" \/>\n<link rel=\"canonical\" href=\"https:\/\/www.grupomemorial.com.pa\/web\/grupo-memorial-cc-el-faro\/\" \/>\n<meta property=\"og:locale\" content=\"es_ES\" \/>\n<meta property=\"og:type\" content=\"article\" \/>\n<meta property=\"og:title\" content=\"Grupo Memorial | CC El Faro\" \/>\n<meta property=\"og:description\" content=\"Avenida Domingo D\u00edaz, Centro Comercial El Faro, Local No.16 293-3400,225-7123,6674-6754\" \/>\n<meta property=\"og:url\" content=\"https:\/\/www.grupomemorial.com.pa\/web\/grupo-memorial-cc-el-faro\/\" \/>\n<meta property=\"og:site_name\" content=\"Grupo Memorial\" \/>\n<meta property=\"article:publisher\" content=\"https:\/\/www.facebook.com\/grupomemorialpanama\/\" \/>\n<meta property=\"article:modified_time\" content=\"2022-01-10T04:00:49+00:00\" \/>\n<meta property=\"og:image\" content=\"https:\/\/www.grupomemorial.com.pa\/web\/wp-content\/uploads\/2020\/09\/Fachada-2-1024x682.jpg\" \/>\n<meta name=\"twitter:card\" content=\"summary_large_image\" \/>\n<meta name=\"twitter:site\" content=\"@grupo_mem_pty\" \/>\n<script type=\"application\/ld+json\" class=\"yoast-schema-graph\">{\"@context\":\"https:\\\/\\\/schema.org\",\"@graph\":[{\"@type\":\"WebPage\",\"@id\":\"https:\\\/\\\/www.grupomemorial.com.pa\\\/web\\\/grupo-memorial-cc-el-faro\\\/\",\"url\":\"https:\\\/\\\/www.grupomemorial.com.pa\\\/web\\\/grupo-memorial-cc-el-faro\\\/\",\"name\":\"Grupo Memorial | CC El Faro - Grupo Memorial\",\"isPartOf\":{\"@id\":\"https:\\\/\\\/www.grupomemorial.com.pa\\\/web\\\/#website\"},\"primaryImageOfPage\":{\"@id\":\"https:\\\/\\\/www.grupomemorial.com.pa\\\/web\\\/grupo-memorial-cc-el-faro\\\/#primaryimage\"},\"image\":{\"@id\":\"https:\\\/\\\/www.grupomemorial.com.pa\\\/web\\\/grupo-memorial-cc-el-faro\\\/#primaryimage\"},\"thumbnailUrl\":\"https:\\\/\\\/www.grupomemorial.com.pa\\\/web\\\/wp-content\\\/uploads\\\/2020\\\/09\\\/Fachada-2-1024x682.jpg\",\"datePublished\":\"2020-07-31T12:49:51+00:00\",\"dateModified\":\"2022-01-10T04:00:49+00:00\",\"breadcrumb\":{\"@id\":\"https:\\\/\\\/www.grupomemorial.com.pa\\\/web\\\/grupo-memorial-cc-el-faro\\\/#breadcrumb\"},\"inLanguage\":\"es\",\"potentialAction\":[{\"@type\":\"ReadAction\",\"target\":[\"https:\\\/\\\/www.grupomemorial.com.pa\\\/web\\\/grupo-memorial-cc-el-faro\\\/\"]}]},{\"@type\":\"ImageObject\",\"inLanguage\":\"es\",\"@id\":\"https:\\\/\\\/www.grupomemorial.com.pa\\\/web\\\/grupo-memorial-cc-el-faro\\\/#primaryimage\",\"url\":\"https:\\\/\\\/i0.wp.com\\\/www.grupomemorial.com.pa\\\/web\\\/wp-content\\\/uploads\\\/2020\\\/09\\\/Fachada-2.jpg?fit=1732%2C1154&ssl=1\",\"contentUrl\":\"https:\\\/\\\/i0.wp.com\\\/www.grupomemorial.com.pa\\\/web\\\/wp-content\\\/uploads\\\/2020\\\/09\\\/Fachada-2.jpg?fit=1732%2C1154&ssl=1\",\"width\":1732,\"height\":1154,\"caption\":\"Fachada\"},{\"@type\":\"BreadcrumbList\",\"@id\":\"https:\\\/\\\/www.grupomemorial.com.pa\\\/web\\\/grupo-memorial-cc-el-faro\\\/#breadcrumb\",\"itemListElement\":[{\"@type\":\"ListItem\",\"position\":1,\"name\":\"Inicio\",\"item\":\"https:\\\/\\\/www.grupomemorial.com.pa\\\/web\\\/\"},{\"@type\":\"ListItem\",\"position\":2,\"name\":\"Grupo Memorial | CC El Faro\"}]},{\"@type\":\"WebSite\",\"@id\":\"https:\\\/\\\/www.grupomemorial.com.pa\\\/web\\\/#website\",\"url\":\"https:\\\/\\\/www.grupomemorial.com.pa\\\/web\\\/\",\"name\":\"Grupo Memorial\",\"description\":\"Funerarias, Cementerios y Cremaci\u00f3n en Panam\u00e1\",\"publisher\":{\"@id\":\"https:\\\/\\\/www.grupomemorial.com.pa\\\/web\\\/#organization\"},\"potentialAction\":[{\"@type\":\"SearchAction\",\"target\":{\"@type\":\"EntryPoint\",\"urlTemplate\":\"https:\\\/\\\/www.grupomemorial.com.pa\\\/web\\\/?s={search_term_string}\"},\"query-input\":{\"@type\":\"PropertyValueSpecification\",\"valueRequired\":true,\"valueName\":\"search_term_string\"}}],\"inLanguage\":\"es\"},{\"@type\":[\"Organization\",\"Place\"],\"@id\":\"https:\\\/\\\/www.grupomemorial.com.pa\\\/web\\\/#organization\",\"name\":\"Grupo Memorial | Corporativo\",\"url\":\"https:\\\/\\\/www.grupomemorial.com.pa\\\/web\\\/\",\"logo\":{\"@id\":\"https:\\\/\\\/www.grupomemorial.com.pa\\\/web\\\/grupo-memorial-cc-el-faro\\\/#local-main-organization-logo\"},\"image\":{\"@id\":\"https:\\\/\\\/www.grupomemorial.com.pa\\\/web\\\/grupo-memorial-cc-el-faro\\\/#local-main-organization-logo\"},\"sameAs\":[\"https:\\\/\\\/www.facebook.com\\\/grupomemorialpanama\\\/\",\"https:\\\/\\\/x.com\\\/grupo_mem_pty\",\"https:\\\/\\\/instagram.com\\\/grupo_memorial_panama\",\"https:\\\/\\\/www.linkedin.com\\\/company\\\/grupo-memorial-corporativo\"],\"telephone\":[],\"openingHoursSpecification\":[{\"@type\":\"OpeningHoursSpecification\",\"dayOfWeek\":[\"Monday\",\"Tuesday\",\"Wednesday\",\"Thursday\",\"Friday\",\"Saturday\",\"Sunday\"],\"opens\":\"09:00\",\"closes\":\"17:00\"}]},{\"@type\":\"ImageObject\",\"inLanguage\":\"es\",\"@id\":\"https:\\\/\\\/www.grupomemorial.com.pa\\\/web\\\/grupo-memorial-cc-el-faro\\\/#local-main-organization-logo\",\"url\":\"https:\\\/\\\/i0.wp.com\\\/www.grupomemorial.com.pa\\\/web\\\/wp-content\\\/uploads\\\/2020\\\/09\\\/GMSA-Original.png?fit=1700%2C1701&ssl=1\",\"contentUrl\":\"https:\\\/\\\/i0.wp.com\\\/www.grupomemorial.com.pa\\\/web\\\/wp-content\\\/uploads\\\/2020\\\/09\\\/GMSA-Original.png?fit=1700%2C1701&ssl=1\",\"width\":1700,\"height\":1701,\"caption\":\"Grupo Memorial | Corporativo\"}]}<\/script>\n<!-- \/ Yoast SEO Premium plugin. -->","yoast_head_json":{"title":"Grupo Memorial | CC El Faro - Grupo Memorial","robots":{"index":"index","follow":"follow","max-snippet":"max-snippet:-1","max-image-preview":"max-image-preview:large","max-video-preview":"max-video-preview:-1"},"canonical":"https:\/\/www.grupomemorial.com.pa\/web\/grupo-memorial-cc-el-faro\/","og_locale":"es_ES","og_type":"article","og_title":"Grupo Memorial | CC El Faro","og_description":"Avenida Domingo D\u00edaz, Centro Comercial El Faro, Local No.16 293-3400,225-7123,6674-6754","og_url":"https:\/\/www.grupomemorial.com.pa\/web\/grupo-memorial-cc-el-faro\/","og_site_name":"Grupo Memorial","article_publisher":"https:\/\/www.facebook.com\/grupomemorialpanama\/","article_modified_time":"2022-01-10T04:00:49+00:00","og_image":[{"url":"https:\/\/www.grupomemorial.com.pa\/web\/wp-content\/uploads\/2020\/09\/Fachada-2-1024x682.jpg","type":"","width":"","height":""}],"twitter_card":"summary_large_image","twitter_site":"@grupo_mem_pty","schema":{"@context":"https:\/\/schema.org","@graph":[{"@type":"WebPage","@id":"https:\/\/www.grupomemorial.com.pa\/web\/grupo-memorial-cc-el-faro\/","url":"https:\/\/www.grupomemorial.com.pa\/web\/grupo-memorial-cc-el-faro\/","name":"Grupo Memorial | CC El Faro - Grupo Memorial","isPartOf":{"@id":"https:\/\/www.grupomemorial.com.pa\/web\/#website"},"primaryImageOfPage":{"@id":"https:\/\/www.grupomemorial.com.pa\/web\/grupo-memorial-cc-el-faro\/#primaryimage"},"image":{"@id":"https:\/\/www.grupomemorial.com.pa\/web\/grupo-memorial-cc-el-faro\/#primaryimage"},"thumbnailUrl":"https:\/\/www.grupomemorial.com.pa\/web\/wp-content\/uploads\/2020\/09\/Fachada-2-1024x682.jpg","datePublished":"2020-07-31T12:49:51+00:00","dateModified":"2022-01-10T04:00:49+00:00","breadcrumb":{"@id":"https:\/\/www.grupomemorial.com.pa\/web\/grupo-memorial-cc-el-faro\/#breadcrumb"},"inLanguage":"es","potentialAction":[{"@type":"ReadAction","target":["https:\/\/www.grupomemorial.com.pa\/web\/grupo-memorial-cc-el-faro\/"]}]},{"@type":"ImageObject","inLanguage":"es","@id":"https:\/\/www.grupomemorial.com.pa\/web\/grupo-memorial-cc-el-faro\/#primaryimage","url":"https:\/\/i0.wp.com\/www.grupomemorial.com.pa\/web\/wp-content\/uploads\/2020\/09\/Fachada-2.jpg?fit=1732%2C1154&ssl=1","contentUrl":"https:\/\/i0.wp.com\/www.grupomemorial.com.pa\/web\/wp-content\/uploads\/2020\/09\/Fachada-2.jpg?fit=1732%2C1154&ssl=1","width":1732,"height":1154,"caption":"Fachada"},{"@type":"BreadcrumbList","@id":"https:\/\/www.grupomemorial.com.pa\/web\/grupo-memorial-cc-el-faro\/#breadcrumb","itemListElement":[{"@type":"ListItem","position":1,"name":"Inicio","item":"https:\/\/www.grupomemorial.com.pa\/web\/"},{"@type":"ListItem","position":2,"name":"Grupo Memorial | CC El Faro"}]},{"@type":"WebSite","@id":"https:\/\/www.grupomemorial.com.pa\/web\/#website","url":"https:\/\/www.grupomemorial.com.pa\/web\/","name":"Grupo Memorial","description":"Funerarias, Cementerios y Cremaci\u00f3n en Panam\u00e1","publisher":{"@id":"https:\/\/www.grupomemorial.com.pa\/web\/#organization"},"potentialAction":[{"@type":"SearchAction","target":{"@type":"EntryPoint","urlTemplate":"https:\/\/www.grupomemorial.com.pa\/web\/?s={search_term_string}"},"query-input":{"@type":"PropertyValueSpecification","valueRequired":true,"valueName":"search_term_string"}}],"inLanguage":"es"},{"@type":["Organization","Place"],"@id":"https:\/\/www.grupomemorial.com.pa\/web\/#organization","name":"Grupo Memorial | Corporativo","url":"https:\/\/www.grupomemorial.com.pa\/web\/","logo":{"@id":"https:\/\/www.grupomemorial.com.pa\/web\/grupo-memorial-cc-el-faro\/#local-main-organization-logo"},"image":{"@id":"https:\/\/www.grupomemorial.com.pa\/web\/grupo-memorial-cc-el-faro\/#local-main-organization-logo"},"sameAs":["https:\/\/www.facebook.com\/grupomemorialpanama\/","https:\/\/x.com\/grupo_mem_pty","https:\/\/instagram.com\/grupo_memorial_panama","https:\/\/www.linkedin.com\/company\/grupo-memorial-corporativo"],"telephone":[],"openingHoursSpecification":[{"@type":"OpeningHoursSpecification","dayOfWeek":["Monday","Tuesday","Wednesday","Thursday","Friday","Saturday","Sunday"],"opens":"09:00","closes":"17:00"}]},{"@type":"ImageObject","inLanguage":"es","@id":"https:\/\/www.grupomemorial.com.pa\/web\/grupo-memorial-cc-el-faro\/#local-main-organization-logo","url":"https:\/\/i0.wp.com\/www.grupomemorial.com.pa\/web\/wp-content\/uploads\/2020\/09\/GMSA-Original.png?fit=1700%2C1701&ssl=1","contentUrl":"https:\/\/i0.wp.com\/www.grupomemorial.com.pa\/web\/wp-content\/uploads\/2020\/09\/GMSA-Original.png?fit=1700%2C1701&ssl=1","width":1700,"height":1701,"caption":"Grupo Memorial | Corporativo"}]}},"jetpack-related-posts":[{"id":117,"url":"https:\/\/www.grupomemorial.com.pa\/web\/productos-y-servicios\/","url_meta":{"origin":214,"position":0},"title":"Productos y servicios","author":"admin","date":"31\/07\/2020","format":false,"excerpt":"SERVICIOS Es nuestro compromiso continuar siendo un soporte para la comunidad. sabiendo que como organizaci\u00f3n cuidamos y honramos la historia memoria y tradici\u00f3n de sus seres queridos. Cementerios En Grupo Memorial nos preocupamos de dar el apoyo, esmero y cercania que necesita... Lee mas SERVICIOS FUNERARIOS Y CREMACI\u00d3N Contamos con\u2026","rel":"","context":"Entrada similar","block_context":{"text":"Entrada similar","link":""},"img":{"alt_text":"","src":"","width":0,"height":0},"classes":[]},{"id":195,"url":"https:\/\/www.grupomemorial.com.pa\/web\/cementerio-parque-praderas-de-la-paz-pacora\/","url_meta":{"origin":214,"position":1},"title":"Cementerio Parque Praderas De La Paz | Pacora","author":"admin","date":"31\/07\/2020","format":false,"excerpt":"Pacora, Los Lotes, frente a Urb. Castilla Real No.1 293-3400,225-7123,6674-6754","rel":"","context":"Entrada similar","block_context":{"text":"Entrada similar","link":""},"img":{"alt_text":"","src":"https:\/\/i0.wp.com\/www.grupomemorial.com.pa\/web\/wp-content\/uploads\/2020\/09\/Fachada-Frente-1024x682.jpg?resize=350%2C200&ssl=1","width":350,"height":200,"srcset":"https:\/\/i0.wp.com\/www.grupomemorial.com.pa\/web\/wp-content\/uploads\/2020\/09\/Fachada-Frente-1024x682.jpg?resize=350%2C200&ssl=1 1x, https:\/\/i0.wp.com\/www.grupomemorial.com.pa\/web\/wp-content\/uploads\/2020\/09\/Fachada-Frente-1024x682.jpg?resize=525%2C300&ssl=1 1.5x, https:\/\/i0.wp.com\/www.grupomemorial.com.pa\/web\/wp-content\/uploads\/2020\/09\/Fachada-Frente-1024x682.jpg?resize=700%2C400&ssl=1 2x"},"classes":[]},{"id":205,"url":"https:\/\/www.grupomemorial.com.pa\/web\/funeraria-capillas-memoriales-ave-justo-arosemena\/","url_meta":{"origin":214,"position":2},"title":"Funeraria Capillas Memoriales | Ave. Justo Arosemena","author":"admin","date":"31\/07\/2020","format":false,"excerpt":"Ave. Justo Arosemena y Calle 30 al lado de Banco General 225-7123, 293-3400, 6674-6754","rel":"","context":"Entrada similar","block_context":{"text":"Entrada similar","link":""},"img":{"alt_text":"","src":"","width":0,"height":0},"classes":[]},{"id":173,"url":"https:\/\/www.grupomemorial.com.pa\/web\/productos-y-servicios\/servicios-especiales\/","url_meta":{"origin":214,"position":3},"title":"Servicios Especiales","author":"admin","date":"31\/07\/2020","format":false,"excerpt":"Expatriaciones Disponemos del servicio de enviar a su pa\u00eds natal el cuerpo, de un ciudadano extranjero residente o de visita en Panam\u00e1; a cualquier parte del mundo, cumpliendo con las legislaciones exigidas de cada pa\u00eds. Repatriaciones Contamos con el servicio de regresar a su pa\u00eds natal el cuerpo, a un\u2026","rel":"","context":"Entrada similar","block_context":{"text":"Entrada similar","link":""},"img":{"alt_text":"","src":"","width":0,"height":0},"classes":[]},{"id":141,"url":"https:\/\/www.grupomemorial.com.pa\/web\/mision-vision-y-valores\/","url_meta":{"origin":214,"position":4},"title":"Misi\u00f3n, Visi\u00f3n y Valores","author":"admin","date":"31\/07\/2020","format":false,"excerpt":"NUESTRA Misi\u00f3n Nuestro compromiso con el mercado paname\u00f1o es facilitar soluciones integrales con personal comprometido a brindar una soluci\u00f3n r\u00e1pida, confiable y segura, ante la eventualidad del fallecimiento de un ser humano. NUESTRA VISI\u00d3N Consolidar nuestros servicios de cementerios y funerarias a nivel nacional, ofreciendo servicios integrales que brinden una\u2026","rel":"","context":"Entrada similar","block_context":{"text":"Entrada similar","link":""},"img":{"alt_text":"","src":"","width":0,"height":0},"classes":[]},{"id":175,"url":"https:\/\/www.grupomemorial.com.pa\/web\/productos-y-servicios\/servicios-especiales\/expatriacion\/","url_meta":{"origin":214,"position":5},"title":"Expatriaci\u00f3n","author":"admin","date":"31\/07\/2020","format":false,"excerpt":"Expatriaciones The Title Disponemos del servicio de enviar a su pa\u00eds natal el cuerpo, de un ciudadano extranjero residente o de visita en Panam\u00e1; a cualquier parte del mundo, cumpliendo con las legislaciones exigidas de cada pa\u00eds.","rel":"","context":"Entrada similar","block_context":{"text":"Entrada similar","link":""},"img":{"alt_text":"","src":"","width":0,"height":0},"classes":[]}],"_links":{"self":[{"href":"https:\/\/www.grupomemorial.com.pa\/web\/wp-json\/wp\/v2\/pages\/214","targetHints":{"allow":["GET"]}}],"collection":[{"href":"https:\/\/www.grupomemorial.com.pa\/web\/wp-json\/wp\/v2\/pages"}],"about":[{"href":"https:\/\/www.grupomemorial.com.pa\/web\/wp-json\/wp\/v2\/types\/page"}],"author":[{"embeddable":true,"href":"https:\/\/www.grupomemorial.com.pa\/web\/wp-json\/wp\/v2\/users\/1"}],"replies":[{"embeddable":true,"href":"https:\/\/www.grupomemorial.com.pa\/web\/wp-json\/wp\/v2\/comments?post=214"}],"version-history":[{"count":11,"href":"https:\/\/www.grupomemorial.com.pa\/web\/wp-json\/wp\/v2\/pages\/214\/revisions"}],"predecessor-version":[{"id":920,"href":"https:\/\/www.grupomemorial.com.pa\/web\/wp-json\/wp\/v2\/pages\/214\/revisions\/920"}],"wp:attachment":[{"href":"https:\/\/www.grupomemorial.com.pa\/web\/wp-json\/wp\/v2\/media?parent=214"}],"curies":[{"name":"wp","href":"https:\/\/api.w.org\/{rel}","templated":true}]}}