{"id":222,"date":"2020-07-31T12:52:26","date_gmt":"2020-07-31T12:52:26","guid":{"rendered":"http:\/\/www.grupomemorial.com.pa\/web\/?page_id=222"},"modified":"2022-01-16T22:28:33","modified_gmt":"2022-01-17T03:28:33","slug":"homenaje-de-vida","status":"publish","type":"page","link":"https:\/\/www.grupomemorial.com.pa\/web\/homenaje-de-vida\/","title":{"rendered":"Homenaje de Vida"},"content":{"rendered":"<section class=\"kc-elm kc-css-887778 kc_row\"><div class=\"kc-row-container  kc-container\"><div class=\"kc-wrap-columns\"><div class=\"kc-elm kc-css-522614 kc_col-sm-12 kc_column kc_col-sm-12\"><div class=\"kc-col-container\">\n<div class=\"kc-elm kc-css-123478 kc-title-wrap \">\n\n\t<div class=\"kc_title\"><h3>Homenaje <span>de Vida<\/span> <\/h3><\/div>\n<\/div>\n<div class=\"kc-elm kc-css-191875\" style=\"height: 45px; clear: both; width:100%;\"><\/div><div class=\"kc-elm kc-css-16477 kc_text_block\"><\/p>\n<p>A veces los seres humanos se nos olvida lo fr\u00e1gil que son nuestras vidas.<\/p>\n<p>Quiz\u00e1s, tal vez, pensar que somos aves de paso podr\u00eda no gustarnos, pero lejos de eso, creo que tener conciencia de que un d\u00eda no estaremos y planear nuestra ausencia es un acto de amor y responsabilidad.<\/p>\n<p>\n<\/div><div class=\"kc-elm kc-css-580562\" style=\"height: 45px; clear: both; width:100%;\"><\/div>\n<div class=\"kc-elm kc-css-737610\">\n\t<a class=\"kc_button btn-md text-white\" href=\"https:\/\/landing.grupomemorial.com.pa\/\" target=\"_self\" title=\"\" onclick=\"\">\n\t\tDescargar (Gratis)\t<\/a>\n<\/div>\n<div class=\"kc-elm kc-css-717669\" style=\"height: 45px; clear: both; width:100%;\"><\/div><div class=\"kc-elm kc-css-442854 kc_text_block\"><\/p>\n<p><!-- MetaSlider 988 not found --><\/p>\n<p>\n<\/div><\/div><\/div><\/div><\/div><\/section>\n","protected":false},"excerpt":{"rendered":"","protected":false},"author":1,"featured_media":0,"parent":0,"menu_order":0,"comment_status":"closed","ping_status":"closed","template":"","meta":{"footnotes":""},"class_list":["post-222","page","type-page","status-publish","hentry"],"yoast_head":"<!-- This site is optimized with the Yoast SEO Premium plugin v27.5 (Yoast SEO v27.5) - https:\/\/yoast.com\/product\/yoast-seo-premium-wordpress\/ -->\n<title>Homenaje de Vida - Grupo Memorial<\/title>\n<meta name=\"robots\" content=\"index, follow, max-snippet:-1, max-image-preview:large, max-video-preview:-1\" \/>\n<link rel=\"canonical\" href=\"https:\/\/www.grupomemorial.com.pa\/web\/homenaje-de-vida\/\" \/>\n<meta property=\"og:locale\" content=\"es_ES\" \/>\n<meta property=\"og:type\" content=\"article\" \/>\n<meta property=\"og:title\" content=\"Homenaje de Vida\" \/>\n<meta property=\"og:description\" content=\"Homenaje de Vida A veces los seres humanos se nos olvida lo fr\u00e1gil que son nuestras vidas. Quiz\u00e1s, tal vez, pensar que somos aves de paso podr\u00eda no gustarnos, pero lejos de eso, creo que tener conciencia de que un d\u00eda no estaremos y planear nuestra ausencia es un acto de amor y responsabilidad. Descargar &hellip; Continuar leyendo &quot;Homenaje de Vida&quot;\" \/>\n<meta property=\"og:url\" content=\"https:\/\/www.grupomemorial.com.pa\/web\/homenaje-de-vida\/\" \/>\n<meta property=\"og:site_name\" content=\"Grupo Memorial\" \/>\n<meta property=\"article:publisher\" content=\"https:\/\/www.facebook.com\/grupomemorialpanama\/\" \/>\n<meta property=\"article:modified_time\" content=\"2022-01-17T03:28:33+00:00\" \/>\n<meta property=\"og:image\" content=\"https:\/\/www.grupomemorial.com.pa\/web\/wp-content\/uploads\/2020\/08\/hand.jpg\" \/>\n<meta name=\"twitter:card\" content=\"summary_large_image\" \/>\n<meta name=\"twitter:site\" content=\"@grupo_mem_pty\" \/>\n<meta name=\"twitter:label1\" content=\"Tiempo de lectura\" \/>\n\t<meta name=\"twitter:data1\" content=\"1 minuto\" \/>\n<script type=\"application\/ld+json\" class=\"yoast-schema-graph\">{\"@context\":\"https:\\\/\\\/schema.org\",\"@graph\":[{\"@type\":\"WebPage\",\"@id\":\"https:\\\/\\\/www.grupomemorial.com.pa\\\/web\\\/homenaje-de-vida\\\/\",\"url\":\"https:\\\/\\\/www.grupomemorial.com.pa\\\/web\\\/homenaje-de-vida\\\/\",\"name\":\"Homenaje de Vida - Grupo Memorial\",\"isPartOf\":{\"@id\":\"https:\\\/\\\/www.grupomemorial.com.pa\\\/web\\\/#website\"},\"primaryImageOfPage\":{\"@id\":\"https:\\\/\\\/www.grupomemorial.com.pa\\\/web\\\/homenaje-de-vida\\\/#primaryimage\"},\"image\":{\"@id\":\"https:\\\/\\\/www.grupomemorial.com.pa\\\/web\\\/homenaje-de-vida\\\/#primaryimage\"},\"thumbnailUrl\":\"https:\\\/\\\/www.grupomemorial.com.pa\\\/web\\\/wp-content\\\/uploads\\\/2020\\\/08\\\/hand.jpg\",\"datePublished\":\"2020-07-31T12:52:26+00:00\",\"dateModified\":\"2022-01-17T03:28:33+00:00\",\"breadcrumb\":{\"@id\":\"https:\\\/\\\/www.grupomemorial.com.pa\\\/web\\\/homenaje-de-vida\\\/#breadcrumb\"},\"inLanguage\":\"es\",\"potentialAction\":[{\"@type\":\"ReadAction\",\"target\":[\"https:\\\/\\\/www.grupomemorial.com.pa\\\/web\\\/homenaje-de-vida\\\/\"]}]},{\"@type\":\"ImageObject\",\"inLanguage\":\"es\",\"@id\":\"https:\\\/\\\/www.grupomemorial.com.pa\\\/web\\\/homenaje-de-vida\\\/#primaryimage\",\"url\":\"https:\\\/\\\/i0.wp.com\\\/www.grupomemorial.com.pa\\\/web\\\/wp-content\\\/uploads\\\/2020\\\/08\\\/hand.jpg?fit=620%2C350&ssl=1\",\"contentUrl\":\"https:\\\/\\\/i0.wp.com\\\/www.grupomemorial.com.pa\\\/web\\\/wp-content\\\/uploads\\\/2020\\\/08\\\/hand.jpg?fit=620%2C350&ssl=1\",\"width\":620,\"height\":350,\"caption\":\"hand\"},{\"@type\":\"BreadcrumbList\",\"@id\":\"https:\\\/\\\/www.grupomemorial.com.pa\\\/web\\\/homenaje-de-vida\\\/#breadcrumb\",\"itemListElement\":[{\"@type\":\"ListItem\",\"position\":1,\"name\":\"Inicio\",\"item\":\"https:\\\/\\\/www.grupomemorial.com.pa\\\/web\\\/\"},{\"@type\":\"ListItem\",\"position\":2,\"name\":\"Homenaje de Vida\"}]},{\"@type\":\"WebSite\",\"@id\":\"https:\\\/\\\/www.grupomemorial.com.pa\\\/web\\\/#website\",\"url\":\"https:\\\/\\\/www.grupomemorial.com.pa\\\/web\\\/\",\"name\":\"Grupo Memorial\",\"description\":\"Funerarias, Cementerios y Cremaci\u00f3n en Panam\u00e1\",\"publisher\":{\"@id\":\"https:\\\/\\\/www.grupomemorial.com.pa\\\/web\\\/#organization\"},\"potentialAction\":[{\"@type\":\"SearchAction\",\"target\":{\"@type\":\"EntryPoint\",\"urlTemplate\":\"https:\\\/\\\/www.grupomemorial.com.pa\\\/web\\\/?s={search_term_string}\"},\"query-input\":{\"@type\":\"PropertyValueSpecification\",\"valueRequired\":true,\"valueName\":\"search_term_string\"}}],\"inLanguage\":\"es\"},{\"@type\":[\"Organization\",\"Place\"],\"@id\":\"https:\\\/\\\/www.grupomemorial.com.pa\\\/web\\\/#organization\",\"name\":\"Grupo Memorial | Corporativo\",\"url\":\"https:\\\/\\\/www.grupomemorial.com.pa\\\/web\\\/\",\"logo\":{\"@id\":\"https:\\\/\\\/www.grupomemorial.com.pa\\\/web\\\/homenaje-de-vida\\\/#local-main-organization-logo\"},\"image\":{\"@id\":\"https:\\\/\\\/www.grupomemorial.com.pa\\\/web\\\/homenaje-de-vida\\\/#local-main-organization-logo\"},\"sameAs\":[\"https:\\\/\\\/www.facebook.com\\\/grupomemorialpanama\\\/\",\"https:\\\/\\\/x.com\\\/grupo_mem_pty\",\"https:\\\/\\\/instagram.com\\\/grupo_memorial_panama\",\"https:\\\/\\\/www.linkedin.com\\\/company\\\/grupo-memorial-corporativo\"],\"telephone\":[],\"openingHoursSpecification\":[{\"@type\":\"OpeningHoursSpecification\",\"dayOfWeek\":[\"Monday\",\"Tuesday\",\"Wednesday\",\"Thursday\",\"Friday\",\"Saturday\",\"Sunday\"],\"opens\":\"09:00\",\"closes\":\"17:00\"}]},{\"@type\":\"ImageObject\",\"inLanguage\":\"es\",\"@id\":\"https:\\\/\\\/www.grupomemorial.com.pa\\\/web\\\/homenaje-de-vida\\\/#local-main-organization-logo\",\"url\":\"https:\\\/\\\/i0.wp.com\\\/www.grupomemorial.com.pa\\\/web\\\/wp-content\\\/uploads\\\/2020\\\/09\\\/GMSA-Original.png?fit=1700%2C1701&ssl=1\",\"contentUrl\":\"https:\\\/\\\/i0.wp.com\\\/www.grupomemorial.com.pa\\\/web\\\/wp-content\\\/uploads\\\/2020\\\/09\\\/GMSA-Original.png?fit=1700%2C1701&ssl=1\",\"width\":1700,\"height\":1701,\"caption\":\"Grupo Memorial | Corporativo\"}]}<\/script>\n<!-- \/ Yoast SEO Premium plugin. -->","yoast_head_json":{"title":"Homenaje de Vida - Grupo Memorial","robots":{"index":"index","follow":"follow","max-snippet":"max-snippet:-1","max-image-preview":"max-image-preview:large","max-video-preview":"max-video-preview:-1"},"canonical":"https:\/\/www.grupomemorial.com.pa\/web\/homenaje-de-vida\/","og_locale":"es_ES","og_type":"article","og_title":"Homenaje de Vida","og_description":"Homenaje de Vida A veces los seres humanos se nos olvida lo fr\u00e1gil que son nuestras vidas. Quiz\u00e1s, tal vez, pensar que somos aves de paso podr\u00eda no gustarnos, pero lejos de eso, creo que tener conciencia de que un d\u00eda no estaremos y planear nuestra ausencia es un acto de amor y responsabilidad. Descargar &hellip; Continuar leyendo \"Homenaje de Vida\"","og_url":"https:\/\/www.grupomemorial.com.pa\/web\/homenaje-de-vida\/","og_site_name":"Grupo Memorial","article_publisher":"https:\/\/www.facebook.com\/grupomemorialpanama\/","article_modified_time":"2022-01-17T03:28:33+00:00","og_image":[{"url":"https:\/\/www.grupomemorial.com.pa\/web\/wp-content\/uploads\/2020\/08\/hand.jpg","type":"","width":"","height":""}],"twitter_card":"summary_large_image","twitter_site":"@grupo_mem_pty","twitter_misc":{"Tiempo de lectura":"1 minuto"},"schema":{"@context":"https:\/\/schema.org","@graph":[{"@type":"WebPage","@id":"https:\/\/www.grupomemorial.com.pa\/web\/homenaje-de-vida\/","url":"https:\/\/www.grupomemorial.com.pa\/web\/homenaje-de-vida\/","name":"Homenaje de Vida - Grupo Memorial","isPartOf":{"@id":"https:\/\/www.grupomemorial.com.pa\/web\/#website"},"primaryImageOfPage":{"@id":"https:\/\/www.grupomemorial.com.pa\/web\/homenaje-de-vida\/#primaryimage"},"image":{"@id":"https:\/\/www.grupomemorial.com.pa\/web\/homenaje-de-vida\/#primaryimage"},"thumbnailUrl":"https:\/\/www.grupomemorial.com.pa\/web\/wp-content\/uploads\/2020\/08\/hand.jpg","datePublished":"2020-07-31T12:52:26+00:00","dateModified":"2022-01-17T03:28:33+00:00","breadcrumb":{"@id":"https:\/\/www.grupomemorial.com.pa\/web\/homenaje-de-vida\/#breadcrumb"},"inLanguage":"es","potentialAction":[{"@type":"ReadAction","target":["https:\/\/www.grupomemorial.com.pa\/web\/homenaje-de-vida\/"]}]},{"@type":"ImageObject","inLanguage":"es","@id":"https:\/\/www.grupomemorial.com.pa\/web\/homenaje-de-vida\/#primaryimage","url":"https:\/\/i0.wp.com\/www.grupomemorial.com.pa\/web\/wp-content\/uploads\/2020\/08\/hand.jpg?fit=620%2C350&ssl=1","contentUrl":"https:\/\/i0.wp.com\/www.grupomemorial.com.pa\/web\/wp-content\/uploads\/2020\/08\/hand.jpg?fit=620%2C350&ssl=1","width":620,"height":350,"caption":"hand"},{"@type":"BreadcrumbList","@id":"https:\/\/www.grupomemorial.com.pa\/web\/homenaje-de-vida\/#breadcrumb","itemListElement":[{"@type":"ListItem","position":1,"name":"Inicio","item":"https:\/\/www.grupomemorial.com.pa\/web\/"},{"@type":"ListItem","position":2,"name":"Homenaje de Vida"}]},{"@type":"WebSite","@id":"https:\/\/www.grupomemorial.com.pa\/web\/#website","url":"https:\/\/www.grupomemorial.com.pa\/web\/","name":"Grupo Memorial","description":"Funerarias, Cementerios y Cremaci\u00f3n en Panam\u00e1","publisher":{"@id":"https:\/\/www.grupomemorial.com.pa\/web\/#organization"},"potentialAction":[{"@type":"SearchAction","target":{"@type":"EntryPoint","urlTemplate":"https:\/\/www.grupomemorial.com.pa\/web\/?s={search_term_string}"},"query-input":{"@type":"PropertyValueSpecification","valueRequired":true,"valueName":"search_term_string"}}],"inLanguage":"es"},{"@type":["Organization","Place"],"@id":"https:\/\/www.grupomemorial.com.pa\/web\/#organization","name":"Grupo Memorial | Corporativo","url":"https:\/\/www.grupomemorial.com.pa\/web\/","logo":{"@id":"https:\/\/www.grupomemorial.com.pa\/web\/homenaje-de-vida\/#local-main-organization-logo"},"image":{"@id":"https:\/\/www.grupomemorial.com.pa\/web\/homenaje-de-vida\/#local-main-organization-logo"},"sameAs":["https:\/\/www.facebook.com\/grupomemorialpanama\/","https:\/\/x.com\/grupo_mem_pty","https:\/\/instagram.com\/grupo_memorial_panama","https:\/\/www.linkedin.com\/company\/grupo-memorial-corporativo"],"telephone":[],"openingHoursSpecification":[{"@type":"OpeningHoursSpecification","dayOfWeek":["Monday","Tuesday","Wednesday","Thursday","Friday","Saturday","Sunday"],"opens":"09:00","closes":"17:00"}]},{"@type":"ImageObject","inLanguage":"es","@id":"https:\/\/www.grupomemorial.com.pa\/web\/homenaje-de-vida\/#local-main-organization-logo","url":"https:\/\/i0.wp.com\/www.grupomemorial.com.pa\/web\/wp-content\/uploads\/2020\/09\/GMSA-Original.png?fit=1700%2C1701&ssl=1","contentUrl":"https:\/\/i0.wp.com\/www.grupomemorial.com.pa\/web\/wp-content\/uploads\/2020\/09\/GMSA-Original.png?fit=1700%2C1701&ssl=1","width":1700,"height":1701,"caption":"Grupo Memorial | Corporativo"}]}},"jetpack-related-posts":[{"id":8,"url":"https:\/\/www.grupomemorial.com.pa\/web\/","url_meta":{"origin":222,"position":0},"title":"Inicio","author":"admin","date":"31\/07\/2020","format":false,"excerpt":"Bienvenidos a Grupo Memorial Somos una organizaci\u00f3n de capital 100% Paname\u00f1o, orientada a brindar a las familias soluciones integrales de cementerios y funerarias, ofreciendo un servicio oportuno, de forma c\u00e1lida, digna y con el m\u00e1s alto grado de sensibilidad, ante la p\u00e9rdida de un ser querido. HOMENAJE DE VIDA Descargar\u2026","rel":"","context":"Entrada similar","block_context":{"text":"Entrada similar","link":""},"img":{"alt_text":"","src":"https:\/\/i0.wp.com\/www.grupomemorial.com.pa\/web\/wp-content\/uploads\/2022\/01\/BANNER-WEB_Mesa-de-trabajo-1.png?resize=350%2C200&ssl=1","width":350,"height":200,"srcset":"https:\/\/i0.wp.com\/www.grupomemorial.com.pa\/web\/wp-content\/uploads\/2022\/01\/BANNER-WEB_Mesa-de-trabajo-1.png?resize=350%2C200&ssl=1 1x, https:\/\/i0.wp.com\/www.grupomemorial.com.pa\/web\/wp-content\/uploads\/2022\/01\/BANNER-WEB_Mesa-de-trabajo-1.png?resize=525%2C300&ssl=1 1.5x, https:\/\/i0.wp.com\/www.grupomemorial.com.pa\/web\/wp-content\/uploads\/2022\/01\/BANNER-WEB_Mesa-de-trabajo-1.png?resize=700%2C400&ssl=1 2x, https:\/\/i0.wp.com\/www.grupomemorial.com.pa\/web\/wp-content\/uploads\/2022\/01\/BANNER-WEB_Mesa-de-trabajo-1.png?resize=1050%2C600&ssl=1 3x, https:\/\/i0.wp.com\/www.grupomemorial.com.pa\/web\/wp-content\/uploads\/2022\/01\/BANNER-WEB_Mesa-de-trabajo-1.png?resize=1400%2C800&ssl=1 4x"},"classes":[]},{"id":119,"url":"https:\/\/www.grupomemorial.com.pa\/web\/ubicaciones\/","url_meta":{"origin":222,"position":1},"title":"Ubicaciones","author":"admin","date":"31\/07\/2020","format":false,"excerpt":"","rel":"","context":"Entrada similar","block_context":{"text":"Entrada similar","link":""},"img":{"alt_text":"","src":"","width":0,"height":0},"classes":[]},{"id":136,"url":"https:\/\/www.grupomemorial.com.pa\/web\/quienes-somos\/","url_meta":{"origin":222,"position":2},"title":"\u00bfQuienes somos?","author":"admin","date":"31\/07\/2020","format":false,"excerpt":"Somos una organizaci\u00f3n de capital 100% paname\u00f1o, orientada a brindar a las familias soluciones integrales de cementerios y funerarias, ofreciendo un servicio oportuno, de forma c\u00e1lida, digna, con el m\u00e1s alto grado de sensibilidad, ante la p\u00e9rdida de un ser querido. Miembros de:","rel":"","context":"Entrada similar","block_context":{"text":"Entrada similar","link":""},"img":{"alt_text":"","src":"","width":0,"height":0},"classes":[]},{"id":123,"url":"https:\/\/www.grupomemorial.com.pa\/web\/english\/","url_meta":{"origin":222,"position":3},"title":"English","author":"admin","date":"31\/07\/2020","format":false,"excerpt":"About Us Memorial Group is a Panamanian organization, aimed at providing integrated solutions of cemeteries and funeral homes, offering timely services, in a warm, dignified and with the highest degree of sensitivity to the lost of a loved one. Our Mission As a group, our commitment to the Local community\u2026","rel":"","context":"Entrada similar","block_context":{"text":"Entrada similar","link":""},"img":{"alt_text":"","src":"","width":0,"height":0},"classes":[]},{"id":125,"url":"https:\/\/www.grupomemorial.com.pa\/web\/contactenos\/","url_meta":{"origin":222,"position":4},"title":"Cont\u00e1ctenos","author":"admin","date":"31\/07\/2020","format":false,"excerpt":"Ave. Domingo D\u00edaz, CC El Faro, Local 16Ave. Justo Arosemena and Cl.30San Pablo Viejo, David, Chiriqui 293-3400, 225-7123, 775-7371 info@grupomemorial.com.pa ESCRIBENOS Enviar \u0394 Formas de pago Miembros de","rel":"","context":"Entrada similar","block_context":{"text":"Entrada similar","link":""},"img":{"alt_text":"","src":"","width":0,"height":0},"classes":[]},{"id":158,"url":"https:\/\/www.grupomemorial.com.pa\/web\/productos-y-servicios\/servicios-funerarios-y-cremacion-2\/","url_meta":{"origin":222,"position":5},"title":"Servicios Funerarios y Cremaci\u00f3n","author":"admin","date":"31\/07\/2020","format":false,"excerpt":"Contamos con cuatro (4) tipo de servicios funerarios y cremaci\u00f3n, que brindan tranquilidad a las familias ante la eventualidad de la p\u00e9rdida de un ser querido, con planes dise\u00f1ados para cubrir tus necesidades y ajustados a su presupuesto. Beneficios del Servicio A. Evita tr\u00e1mites y procesos tediosos asociados a altos\u2026","rel":"","context":"Entrada similar","block_context":{"text":"Entrada similar","link":""},"img":{"alt_text":"","src":"","width":0,"height":0},"classes":[]}],"_links":{"self":[{"href":"https:\/\/www.grupomemorial.com.pa\/web\/wp-json\/wp\/v2\/pages\/222","targetHints":{"allow":["GET"]}}],"collection":[{"href":"https:\/\/www.grupomemorial.com.pa\/web\/wp-json\/wp\/v2\/pages"}],"about":[{"href":"https:\/\/www.grupomemorial.com.pa\/web\/wp-json\/wp\/v2\/types\/page"}],"author":[{"embeddable":true,"href":"https:\/\/www.grupomemorial.com.pa\/web\/wp-json\/wp\/v2\/users\/1"}],"replies":[{"embeddable":true,"href":"https:\/\/www.grupomemorial.com.pa\/web\/wp-json\/wp\/v2\/comments?post=222"}],"version-history":[{"count":10,"href":"https:\/\/www.grupomemorial.com.pa\/web\/wp-json\/wp\/v2\/pages\/222\/revisions"}],"predecessor-version":[{"id":574,"href":"https:\/\/www.grupomemorial.com.pa\/web\/wp-json\/wp\/v2\/pages\/222\/revisions\/574"}],"wp:attachment":[{"href":"https:\/\/www.grupomemorial.com.pa\/web\/wp-json\/wp\/v2\/media?parent=222"}],"curies":[{"name":"wp","href":"https:\/\/api.w.org\/{rel}","templated":true}]}}